{"id":161959,"date":"2021-11-12T02:16:14","date_gmt":"2021-11-12T01:16:14","guid":{"rendered":"https:\/\/acninternational.org\/?page_id=161959"},"modified":"2026-04-15T15:55:50","modified_gmt":"2026-04-15T13:55:50","slug":"natal-2021","status":"publish","type":"page","link":"https:\/\/acninternational.org\/pt-pt\/natal-2021\/","title":{"rendered":"Natal 2021"},"content":{"rendered":"\n<div class=\"wp-block-columns container is-layout-flex wp-container-core-columns-is-layout-9d6595d7 wp-block-columns-is-layout-flex\">\n<div class=\"wp-block-column is-layout-flow wp-block-column-is-layout-flow\"><div class=\"wp-block-image\">\n<figure class=\"aligncenter is-resized\"><img decoding=\"async\" src=\"https:\/\/media.acninternational.org\/wp-content\/uploads\/2021\/11\/Logo-Christmas-01-1024x341.png\" alt=\"\" style=\"width:600px\"\/><\/figure>\n<\/div>\n\n\n<div class=\"wp-block-columns is-layout-flex wp-container-core-columns-is-layout-9d6595d7 wp-block-columns-is-layout-flex\">\n<div class=\"wp-block-column is-layout-flow wp-block-column-is-layout-flow\"><\/div>\n\n\n\n<div class=\"wp-block-column is-layout-flow wp-block-column-is-layout-flow\">\n<iframe loading=\"lazy\" id=\"dona\" style=\"max-width: 500px; min-width: 250px; max-height: 580px !important;\" src=\"https:\/\/donorbox.org\/embed\/acn-international-homepage\" name=\"donorbox\" width=\"100%\" height=\"900px\" frameborder=\"0\" scrolling=\"no\" seamless=\"seamless\"><\/iframe>\n<\/div>\n\n\n\n<div class=\"wp-block-column is-layout-flow wp-block-column-is-layout-flow\"><\/div>\n<\/div>\n<\/div>\n<\/div>\n\n\n\n<div class=\"wp-block-columns container is-layout-flex wp-container-core-columns-is-layout-9d6595d7 wp-block-columns-is-layout-flex\">\n<div class=\"wp-block-column is-layout-flow wp-block-column-is-layout-flow\">\n<p>Milhares de crist\u00e3os em \u00c1frica e no M\u00e9dio Oriente, perseguidos e deslocados por causa da sua f\u00e9, dependem do trabalho social e pastoral da Igreja e a Igreja depende de si para continuar a apoi\u00e1-los. Fa\u00e7a um donativo e leve a esperan\u00e7a do Natal aos refugiados!<\/p>\n\n\n\n<h2 class=\"wp-block-heading\" id=\"h-82-4-milhoes-de-pessoas-deslocadas-em-todo-o-mundo\">82,4 MILH\u00d5ES DE PESSOAS DESLOCADAS EM TODO O MUNDO<\/h2>\n\n\n\n<p>Cada n\u00famero \u00e9 uma vida, uma hist\u00f3ria de perda, trauma e sofrimento.<\/p>\n\n\n\n<p>No in\u00edcio de 2021, o n\u00famero de pessoas deslocadas \u00e0 for\u00e7a devido a persegui\u00e7\u00f5es, conflitos, viol\u00eancia e viola\u00e7\u00e3o dos direitos humanos foi o mais elevado registado at\u00e9 hoje (segundo os dados do ACNUR).<\/p>\n\n\n\n<p>Em \u00c1frica verificou-se o maior aumento de deslocados internos e a S\u00edria continua a ser o pa\u00eds do mundo em que uma maior quantidade de pessoas se viram obrigadas a fugir de suas casas.<\/p>\n\n\n\n<h2 class=\"wp-block-heading has-text-align-center\" id=\"h-este-natal-podemos-oferecer-esperanca-aos-nossos-irmaos\">ESTE NATAL PODEMOS OFERECER ESPERAN\u00c7A AOS NOSSOS IRM\u00c3OS<\/h2>\n\n\n\n<p>Atrav\u00e9s da Igreja local, a AIS proporciona ref\u00fagio e alimento aos refugiados crist\u00e3os e vela pela educa\u00e7\u00e3o das crian\u00e7as e jovens. Mas eles tamb\u00e9m t\u00eam fome do poder curativo dos sacramentos, da Palavra de Deus e do Seu amor, que lhes oferecem aqueles em quem foi confiada a continua\u00e7\u00e3o da Sua obra entre n\u00f3s. As religiosas, os sacerdotes, os catequistas e todos os que trabalham para a constru\u00e7\u00e3o do Reino de Deus, cuidam dos mais necessitados, enchem os cora\u00e7\u00f5es dos cansados, traumatizados, aflitos e famintos com uma f\u00e9 renovada e tamb\u00e9m com a esperan\u00e7a de um futuro melhor.<\/p>\n<\/div>\n<\/div>\n\n\n\n<div class=\"wp-block-columns container is-layout-flex wp-container-core-columns-is-layout-9d6595d7 wp-block-columns-is-layout-flex\">\n<div class=\"wp-block-column is-vertically-aligned-center is-layout-flow wp-block-column-is-layout-flow\">\n<div class=\"wp-block-buttons is-content-justification-center is-layout-flex wp-container-core-buttons-is-layout-16018d1d wp-block-buttons-is-layout-flex\">\n<div class=\"wp-block-button\"><a class=\"wp-block-button__link has-white-color has-text-color has-background has-link-color has-medium-font-size has-custom-font-size wp-element-button\" href=\"#dona\" style=\"border-top-left-radius:12px;border-top-right-radius:12px;border-bottom-left-radius:12px;border-bottom-right-radius:12px;background-color:#d60811\">OFERE\u00c7A esperan\u00e7a aos nossos irm\u00e3os deslocados e refugiados<\/a><\/div>\n<\/div>\n<\/div>\n<\/div>\n\n\n\n<div class=\"wp-block-columns is-layout-flex wp-container-core-columns-is-layout-9d6595d7 wp-block-columns-is-layout-flex\">\n<div class=\"wp-block-column is-layout-flow wp-block-column-is-layout-flow\">\n<figure class=\"wp-block-image size-large\"><img loading=\"lazy\" decoding=\"async\" width=\"1024\" height=\"576\" src=\"https:\/\/media.acninternational.org\/wp-content\/uploads\/2021\/11\/portadasyria-1024x576.jpg\" alt=\"\" class=\"wp-image-161542\" srcset=\"https:\/\/media.acninternational.org\/wp-content\/uploads\/2021\/11\/portadasyria-1024x576.jpg 1024w, https:\/\/media.acninternational.org\/wp-content\/uploads\/2021\/11\/portadasyria-300x169.jpg 300w, https:\/\/media.acninternational.org\/wp-content\/uploads\/2021\/11\/portadasyria-768x432.jpg 768w, https:\/\/media.acninternational.org\/wp-content\/uploads\/2021\/11\/portadasyria.jpg 1280w\" sizes=\"auto, (max-width: 1024px) 100vw, 1024px\" \/><\/figure>\n\n\n\n<h5 class=\"wp-block-heading has-text-align-center\" id=\"h-siria\">S\u00cdRIA<\/h5>\n\n\n\n<p>Num pa\u00eds amea\u00e7ado pelas san\u00e7\u00f5es e pela destrui\u00e7\u00e3o ap\u00f3s 10 anos de guerra, os mais idosos, doentes ou com defici\u00eancias ficaram sozinhos<\/p>\n\n\n\n<div class=\"wp-block-buttons has-custom-font-size has-small-font-size is-content-justification-center is-layout-flex wp-container-core-buttons-is-layout-16018d1d wp-block-buttons-is-layout-flex\">\n<div class=\"wp-block-button\"><a class=\"wp-block-button__link has-background wp-element-button\" href=\"https:\/\/www.youtube.com\/watch?v=cI9vYisTgPo\" style=\"border-top-left-radius:12px;border-top-right-radius:12px;border-bottom-left-radius:12px;border-bottom-right-radius:12px;background-color:#d60811\" target=\"_blank\" rel=\"noreferrer noopener\">VEJA O V\u00cdDEO<\/a><\/div>\n<\/div>\n<\/div>\n\n\n\n<div class=\"wp-block-column is-layout-flow wp-block-column-is-layout-flow\">\n<figure class=\"wp-block-image size-large\"><img loading=\"lazy\" decoding=\"async\" width=\"1024\" height=\"576\" src=\"https:\/\/media.acninternational.org\/wp-content\/uploads\/2021\/11\/lebanonportada-1024x576.jpg\" alt=\"\" class=\"wp-image-161548\" srcset=\"https:\/\/media.acninternational.org\/wp-content\/uploads\/2021\/11\/lebanonportada-1024x576.jpg 1024w, https:\/\/media.acninternational.org\/wp-content\/uploads\/2021\/11\/lebanonportada-300x169.jpg 300w, https:\/\/media.acninternational.org\/wp-content\/uploads\/2021\/11\/lebanonportada-768x432.jpg 768w, https:\/\/media.acninternational.org\/wp-content\/uploads\/2021\/11\/lebanonportada.jpg 1280w\" sizes=\"auto, (max-width: 1024px) 100vw, 1024px\" \/><\/figure>\n\n\n\n<h5 class=\"wp-block-heading has-text-align-center\" id=\"h-libano\">L\u00cdBANO<\/h5>\n\n\n\n<p>\u201cComo crian\u00e7a tornei-me refugiado, como o Menino Jesus, que tamb\u00e9m teve de fugir com o Seu Pai e a Sua M\u00e3e\u201d.<\/p>\n\n\n\n<div class=\"wp-block-buttons has-custom-font-size has-small-font-size is-content-justification-center is-layout-flex wp-container-core-buttons-is-layout-16018d1d wp-block-buttons-is-layout-flex\">\n<div class=\"wp-block-button\"><a class=\"wp-block-button__link has-background wp-element-button\" href=\"https:\/\/www.youtube.com\/watch?v=UlmpB4eFgeU\" style=\"border-top-left-radius:12px;border-top-right-radius:12px;border-bottom-left-radius:12px;border-bottom-right-radius:12px;background-color:#d60811\" target=\"_blank\" rel=\"noreferrer noopener\">VEJA O V\u00cdDEO<\/a><\/div>\n<\/div>\n<\/div>\n\n\n\n<div class=\"wp-block-column is-layout-flow wp-block-column-is-layout-flow\">\n<figure class=\"wp-block-image size-large\"><img loading=\"lazy\" decoding=\"async\" width=\"1024\" height=\"576\" src=\"https:\/\/media.acninternational.org\/wp-content\/uploads\/2021\/11\/nigeriaportada-1024x576.jpg\" alt=\"\" class=\"wp-image-161554\" srcset=\"https:\/\/media.acninternational.org\/wp-content\/uploads\/2021\/11\/nigeriaportada-1024x576.jpg 1024w, https:\/\/media.acninternational.org\/wp-content\/uploads\/2021\/11\/nigeriaportada-300x169.jpg 300w, https:\/\/media.acninternational.org\/wp-content\/uploads\/2021\/11\/nigeriaportada-768x432.jpg 768w, https:\/\/media.acninternational.org\/wp-content\/uploads\/2021\/11\/nigeriaportada.jpg 1280w\" sizes=\"auto, (max-width: 1024px) 100vw, 1024px\" \/><\/figure>\n\n\n\n<h5 class=\"wp-block-heading has-text-align-center\" id=\"h-burquina-fasso\">BURQUINA FASSO<\/h5>\n\n\n\n<p>\u201cNa Missa de Domingo, os jihadistas entraram na&nbsp;igreja&nbsp;com armas e cercaram-nos. Mataram o sacerdote e cinco paroquianos diante dos nossos olhos\u201d.<\/p>\n\n\n\n<div class=\"wp-block-buttons has-custom-font-size has-small-font-size is-content-justification-center is-layout-flex wp-container-core-buttons-is-layout-16018d1d wp-block-buttons-is-layout-flex\">\n<div class=\"wp-block-button\"><a class=\"wp-block-button__link has-background wp-element-button\" href=\"https:\/\/www.youtube.com\/watch?v=m2kGAuW8QbY\" style=\"border-top-left-radius:12px;border-top-right-radius:12px;border-bottom-left-radius:12px;border-bottom-right-radius:12px;background-color:#d60811\" target=\"_blank\" rel=\"noreferrer noopener\">VEJA O V\u00cdDEO<\/a><\/div>\n<\/div>\n<\/div>\n<\/div>\n\n\n\n<div class=\"wp-block-columns is-layout-flex wp-container-core-columns-is-layout-9d6595d7 wp-block-columns-is-layout-flex\">\n<div class=\"wp-block-column is-layout-flow wp-block-column-is-layout-flow\">\n<figure class=\"wp-block-image size-large\"><img loading=\"lazy\" decoding=\"async\" width=\"1024\" height=\"576\" src=\"https:\/\/media.acninternational.org\/wp-content\/uploads\/2021\/11\/mozambiqueportada-1024x576.jpg\" alt=\"\" class=\"wp-image-161560\" srcset=\"https:\/\/media.acninternational.org\/wp-content\/uploads\/2021\/11\/mozambiqueportada-1024x576.jpg 1024w, https:\/\/media.acninternational.org\/wp-content\/uploads\/2021\/11\/mozambiqueportada-300x169.jpg 300w, https:\/\/media.acninternational.org\/wp-content\/uploads\/2021\/11\/mozambiqueportada-768x432.jpg 768w, https:\/\/media.acninternational.org\/wp-content\/uploads\/2021\/11\/mozambiqueportada.jpg 1280w\" sizes=\"auto, (max-width: 1024px) 100vw, 1024px\" \/><\/figure>\n\n\n\n<h5 class=\"wp-block-heading has-text-align-center\" id=\"h-mocambique\">MO\u00c7AMBIQUE<\/h5>\n\n\n\n<p>A prov\u00edncia de Cabo Delgado tem sido assolada pelo extremismo isl\u00e2mico desde 2017. Mais de 3.300 pessoas foram assassinadas e um milh\u00e3o teve de fugir.<\/p>\n\n\n\n<div class=\"wp-block-buttons has-custom-font-size has-small-font-size is-content-justification-center is-layout-flex wp-container-core-buttons-is-layout-16018d1d wp-block-buttons-is-layout-flex\">\n<div class=\"wp-block-button\"><a class=\"wp-block-button__link has-background wp-element-button\" href=\"https:\/\/www.youtube.com\/watch?v=nMXyFVop4_0\" style=\"border-top-left-radius:12px;border-top-right-radius:12px;border-bottom-left-radius:12px;border-bottom-right-radius:12px;background-color:#d60811\" target=\"_blank\" rel=\"noreferrer noopener\">VEJA O V\u00cdDEO<\/a><\/div>\n<\/div>\n<\/div>\n\n\n\n<div class=\"wp-block-column is-layout-flow wp-block-column-is-layout-flow\">\n<figure class=\"wp-block-image size-large\"><img loading=\"lazy\" decoding=\"async\" width=\"1024\" height=\"576\" src=\"https:\/\/media.acninternational.org\/wp-content\/uploads\/2021\/11\/burkinaportada-1024x576.jpg\" alt=\"\" class=\"wp-image-161566\" srcset=\"https:\/\/media.acninternational.org\/wp-content\/uploads\/2021\/11\/burkinaportada-1024x576.jpg 1024w, https:\/\/media.acninternational.org\/wp-content\/uploads\/2021\/11\/burkinaportada-300x169.jpg 300w, https:\/\/media.acninternational.org\/wp-content\/uploads\/2021\/11\/burkinaportada-768x432.jpg 768w, https:\/\/media.acninternational.org\/wp-content\/uploads\/2021\/11\/burkinaportada.jpg 1280w\" sizes=\"auto, (max-width: 1024px) 100vw, 1024px\" \/><\/figure>\n\n\n\n<h5 class=\"wp-block-heading has-text-align-center\" id=\"h-nigeria\">NIG\u00c9RIA<\/h5>\n\n\n\n<p>Os sacerdotes levam a esperan\u00e7a aos mais de 30.000 deslocados em Puka que tiveram de abandonar as suas casas por causa do Boko Haram.<\/p>\n\n\n\n<div class=\"wp-block-buttons has-custom-font-size has-small-font-size is-content-justification-center is-layout-flex wp-container-core-buttons-is-layout-16018d1d wp-block-buttons-is-layout-flex\">\n<div class=\"wp-block-button\"><a class=\"wp-block-button__link has-background wp-element-button\" href=\"https:\/\/www.youtube.com\/watch?v=nl7q1z0GXBw\" style=\"border-top-left-radius:12px;border-top-right-radius:12px;border-bottom-left-radius:12px;border-bottom-right-radius:12px;background-color:#d60811\" target=\"_blank\" rel=\"noreferrer noopener\">VEJA O V\u00cdDEO<\/a><\/div>\n<\/div>\n<\/div>\n\n\n\n<div class=\"wp-block-column is-layout-flow wp-block-column-is-layout-flow\">\n<figure class=\"wp-block-image size-large\"><img loading=\"lazy\" decoding=\"async\" width=\"1024\" height=\"576\" src=\"https:\/\/media.acninternational.org\/wp-content\/uploads\/2021\/11\/congoportada-1024x576.jpg\" alt=\"\" class=\"wp-image-161572\" srcset=\"https:\/\/media.acninternational.org\/wp-content\/uploads\/2021\/11\/congoportada-1024x576.jpg 1024w, https:\/\/media.acninternational.org\/wp-content\/uploads\/2021\/11\/congoportada-300x169.jpg 300w, https:\/\/media.acninternational.org\/wp-content\/uploads\/2021\/11\/congoportada-768x432.jpg 768w, https:\/\/media.acninternational.org\/wp-content\/uploads\/2021\/11\/congoportada.jpg 1280w\" sizes=\"auto, (max-width: 1024px) 100vw, 1024px\" \/><\/figure>\n\n\n\n<h5 class=\"wp-block-heading has-text-align-center\" id=\"h-congo\">CONGO<\/h5>\n\n\n\n<p>Apesar das pobres condi\u00e7\u00f5es em que vivem nos campos de refugiados em Goma, os Crist\u00e3os querem celebrar o Natal.<\/p>\n\n\n\n<div class=\"wp-block-buttons has-custom-font-size has-small-font-size is-content-justification-center is-layout-flex wp-container-core-buttons-is-layout-16018d1d wp-block-buttons-is-layout-flex\">\n<div class=\"wp-block-button\"><a class=\"wp-block-button__link has-background wp-element-button\" href=\"https:\/\/www.youtube.com\/watch?v=QHDkAw4H1fM\" style=\"border-top-left-radius:12px;border-top-right-radius:12px;border-bottom-left-radius:12px;border-bottom-right-radius:12px;background-color:#d60811\" target=\"_blank\" rel=\"noreferrer noopener\">VEJA O V\u00cdDEO<\/a><\/div>\n<\/div>\n<\/div>\n<\/div>\n\n\n\n<div class=\"wp-block-columns is-layout-flex wp-container-core-columns-is-layout-9d6595d7 wp-block-columns-is-layout-flex\">\n<div class=\"wp-block-column container is-layout-flow wp-block-column-is-layout-flow\">\n<p>\u201cDaqui, da S\u00edria, da Palestina, da Jord\u00e2nia, da actual Israel\u2026 sa\u00edram os primeiros crist\u00e3os\u201d explica o Pe. Hugo Alaniz, um mission\u00e1rio argentino do Instituto do Verbo Encarnado que vive no M\u00e9dio Oriente h\u00e1 26 anos.<\/p>\n\n\n\n<p>\u201cAcredito que \u00e9 nossa obriga\u00e7\u00e3o, como Igreja, cuidar dos Crist\u00e3os do M\u00e9dio Oriente. N\u00e3o apenas por ser a Terra Santa, mas tamb\u00e9m porque, gra\u00e7as a eles, conhecemos a mensagem do Evangelho (\u2026) Pedimos aos benfeitores da AIS que n\u00e3o se esque\u00e7am de n\u00f3s, n\u00e3o se esque\u00e7am das comunidades que ainda precisam de ajuda do exterior (\u2026) As vossas contribui\u00e7\u00f5es t\u00eam um significado muito grande, especialmente para as pessoas que perderam tudo, as pessoas que continuam a precisar da vossa ajuda.\u201d<\/p>\n\n\n\n<h2 class=\"wp-block-heading\" id=\"h-conheca-os-nossos-projectos-para-este-natal\">CONHE\u00c7A OS NOSSOS PROJECTOS PARA ESTE NATAL<\/h2>\n\n\n\n<p>Seja solid\u00e1rio e leve a alegria e a esperan\u00e7a do Natal aos nossos irm\u00e3os refugiados!<\/p>\n\n\n\n<p>Os diversos projectos de ajuda aos refugiados que a AIS apoia em \u00c1frica e no M\u00e9dio Oriente t\u00eam como objectivo proporcionar bem-estar material e espiritual aos nossos irm\u00e3os crist\u00e3os, especialmente nesta \u00e9poca do ano em que celebramos o nascimento de Nosso Senhor. Desde cabazes de alimentos e medicamentos a bolsas de estudo e at\u00e9 pequenos presentes de Natal para as crian\u00e7as, queremos levar-lhes a esperan\u00e7a do Natal e alegrar os seus cora\u00e7\u00f5es.<\/p>\n<\/div>\n<\/div>\n\n\n\n<div class=\"wp-block-columns is-layout-flex wp-container-core-columns-is-layout-9d6595d7 wp-block-columns-is-layout-flex\">\n<div class=\"wp-block-column is-layout-flow wp-block-column-is-layout-flow\">\n<figure class=\"wp-block-image size-full\"><img loading=\"lazy\" decoding=\"async\" width=\"821\" height=\"621\" src=\"https:\/\/media.acninternational.org\/wp-content\/uploads\/2021\/11\/mapNigeria.png\" alt=\"\" class=\"wp-image-161590\" srcset=\"https:\/\/media.acninternational.org\/wp-content\/uploads\/2021\/11\/mapNigeria.png 821w, https:\/\/media.acninternational.org\/wp-content\/uploads\/2021\/11\/mapNigeria-300x227.png 300w, https:\/\/media.acninternational.org\/wp-content\/uploads\/2021\/11\/mapNigeria-768x581.png 768w\" sizes=\"auto, (max-width: 821px) 100vw, 821px\" \/><\/figure>\n\n\n\n<p><strong>Proporcionar \u00e1gua pot\u00e1vel a milhares de refugiados.&nbsp;<\/strong>Este projecto tem como objectivo construir um po\u00e7o que funcionar\u00e1 com pain\u00e9is solares. Estar\u00e1 situado na cidade de Pulka, ser\u00e1 acess\u00edvel a todos os campos de refugiados e, assim, acess\u00edvel a todos.&nbsp;<a href=\"https:\/\/web.archive.org\/web\/20230126230805\/https:\/\/acninternational.org\/pt-pt\/natal-2021\/#en-nigeria\"><\/a><\/p>\n\n\n\n<div class=\"wp-block-buttons is-content-justification-center is-layout-flex wp-container-core-buttons-is-layout-16018d1d wp-block-buttons-is-layout-flex\">\n<div class=\"wp-block-button\"><a class=\"wp-block-button__link has-white-color has-text-color has-background has-link-color has-medium-font-size has-custom-font-size wp-element-button\" href=\"#dona\" style=\"border-top-left-radius:12px;border-top-right-radius:12px;border-bottom-left-radius:12px;border-bottom-right-radius:12px;background-color:#d60811\">QUERO AJUDAR<\/a><\/div>\n<\/div>\n<\/div>\n\n\n\n<div class=\"wp-block-column is-layout-flow wp-block-column-is-layout-flow\">\n<figure class=\"wp-block-image size-full\"><img loading=\"lazy\" decoding=\"async\" width=\"822\" height=\"621\" src=\"https:\/\/media.acninternational.org\/wp-content\/uploads\/2021\/11\/mapBurkina.png\" alt=\"\" class=\"wp-image-161596\" srcset=\"https:\/\/media.acninternational.org\/wp-content\/uploads\/2021\/11\/mapBurkina.png 822w, https:\/\/media.acninternational.org\/wp-content\/uploads\/2021\/11\/mapBurkina-300x227.png 300w, https:\/\/media.acninternational.org\/wp-content\/uploads\/2021\/11\/mapBurkina-768x580.png 768w\" sizes=\"auto, (max-width: 822px) 100vw, 822px\" \/><\/figure>\n\n\n\n<p><strong>Levar palavras de esperan\u00e7a e consolo aos refugiados.&nbsp;<\/strong>Apoio e incentivo pastoral \u00e0 produ\u00e7\u00e3o de programas sobre a f\u00e9 em benef\u00edcio das pessoas deslocadas na Diocese de Ouahigouya&nbsp;<a href=\"https:\/\/web.archive.org\/web\/20230126230805\/https:\/\/acninternational.org\/pt-pt\/natal-2021\/#en-burkina-faso\"><\/a><\/p>\n\n\n\n<div class=\"wp-block-buttons is-content-justification-center is-layout-flex wp-container-core-buttons-is-layout-16018d1d wp-block-buttons-is-layout-flex\">\n<div class=\"wp-block-button\"><a class=\"wp-block-button__link has-white-color has-text-color has-background has-link-color has-medium-font-size has-custom-font-size wp-element-button\" href=\"#dona\" style=\"border-top-left-radius:12px;border-top-right-radius:12px;border-bottom-left-radius:12px;border-bottom-right-radius:12px;background-color:#d60811\">QUERO AJUDAR<\/a><\/div>\n<\/div>\n<\/div>\n<\/div>\n\n\n\n<div class=\"wp-block-columns is-layout-flex wp-container-core-columns-is-layout-9d6595d7 wp-block-columns-is-layout-flex\">\n<div class=\"wp-block-column is-layout-flow wp-block-column-is-layout-flow\">\n<figure class=\"wp-block-image size-full\"><img loading=\"lazy\" decoding=\"async\" width=\"823\" height=\"622\" src=\"https:\/\/media.acninternational.org\/wp-content\/uploads\/2021\/11\/mapJordania.png\" alt=\"\" class=\"wp-image-161602\" srcset=\"https:\/\/media.acninternational.org\/wp-content\/uploads\/2021\/11\/mapJordania.png 823w, https:\/\/media.acninternational.org\/wp-content\/uploads\/2021\/11\/mapJordania-300x227.png 300w, https:\/\/media.acninternational.org\/wp-content\/uploads\/2021\/11\/mapJordania-768x580.png 768w\" sizes=\"auto, (max-width: 823px) 100vw, 823px\" \/><\/figure>\n\n\n\n<p><strong>Recuperar as aulas perdidas depois da fuga \u2013 160 crian\u00e7as iraquianas voltam \u00e0 escola.<\/strong>&nbsp;Programa educativo para 160 crian\u00e7as refugiadas iraquianas na escola paroquial de Marka.&nbsp;<a href=\"https:\/\/web.archive.org\/web\/20230126230805\/https:\/\/acninternational.org\/pt-pt\/natal-2021\/#en-jordania\"><\/a><\/p>\n\n\n\n<div class=\"wp-block-buttons is-content-justification-center is-layout-flex wp-container-core-buttons-is-layout-16018d1d wp-block-buttons-is-layout-flex\">\n<div class=\"wp-block-button\"><a class=\"wp-block-button__link has-white-color has-text-color has-background has-link-color has-medium-font-size has-custom-font-size wp-element-button\" href=\"#dona\" style=\"border-top-left-radius:12px;border-top-right-radius:12px;border-bottom-left-radius:12px;border-bottom-right-radius:12px;background-color:#d60811\">QUERO AJUDAR<\/a><\/div>\n<\/div>\n<\/div>\n\n\n\n<div class=\"wp-block-column is-layout-flow wp-block-column-is-layout-flow\">\n<figure class=\"wp-block-image size-full\"><img loading=\"lazy\" decoding=\"async\" width=\"822\" height=\"621\" src=\"https:\/\/media.acninternational.org\/wp-content\/uploads\/2021\/11\/Lebanon.png\" alt=\"\" class=\"wp-image-161614\" srcset=\"https:\/\/media.acninternational.org\/wp-content\/uploads\/2021\/11\/Lebanon.png 822w, https:\/\/media.acninternational.org\/wp-content\/uploads\/2021\/11\/Lebanon-300x227.png 300w, https:\/\/media.acninternational.org\/wp-content\/uploads\/2021\/11\/Lebanon-768x580.png 768w\" sizes=\"auto, (max-width: 822px) 100vw, 822px\" \/><\/figure>\n\n\n\n<p><strong>Refei\u00e7\u00f5es quentes e acompanhamento espiritual para os refugiados.<\/strong>&nbsp;A \u201cMesa de S\u00e3o Jo\u00e3o, o Misericordioso\u201d proporciona 1.500 refei\u00e7\u00f5es quentes por dia a 900 refugiados s\u00edrios e 600 libaneses necessitados na regi\u00e3o de Zahle e no vale de Bekaa.&nbsp;<a href=\"https:\/\/web.archive.org\/web\/20230126230805\/https:\/\/acninternational.org\/pt-pt\/natal-2021\/#en-lebanon\"><\/a><\/p>\n\n\n\n<div class=\"wp-block-buttons is-content-justification-center is-layout-flex wp-container-core-buttons-is-layout-16018d1d wp-block-buttons-is-layout-flex\">\n<div class=\"wp-block-button\"><a class=\"wp-block-button__link has-white-color has-text-color has-background has-link-color has-medium-font-size has-custom-font-size wp-element-button\" href=\"#dona\" style=\"border-top-left-radius:12px;border-top-right-radius:12px;border-bottom-left-radius:12px;border-bottom-right-radius:12px;background-color:#d60811\">QUERO AJUDAR<\/a><\/div>\n<\/div>\n<\/div>\n<\/div>\n\n\n\n<div class=\"wp-block-columns is-layout-flex wp-container-core-columns-is-layout-9d6595d7 wp-block-columns-is-layout-flex\">\n<div class=\"wp-block-column is-layout-flow wp-block-column-is-layout-flow\">\n<figure class=\"wp-block-image size-full\"><img loading=\"lazy\" decoding=\"async\" width=\"821\" height=\"622\" src=\"https:\/\/media.acninternational.org\/wp-content\/uploads\/2021\/11\/mapMozambique.png\" alt=\"\" class=\"wp-image-161653\" srcset=\"https:\/\/media.acninternational.org\/wp-content\/uploads\/2021\/11\/mapMozambique.png 821w, https:\/\/media.acninternational.org\/wp-content\/uploads\/2021\/11\/mapMozambique-300x227.png 300w, https:\/\/media.acninternational.org\/wp-content\/uploads\/2021\/11\/mapMozambique-768x582.png 768w\" sizes=\"auto, (max-width: 821px) 100vw, 821px\" \/><\/figure>\n\n\n\n<p><strong>Ajuda de emerg\u00eancia aos refugiados em Quelimane.<\/strong>\u00a0Satisfazer as necessidades b\u00e1sicas de 500 fam\u00edlias, proporcionando-lhes alimentos, redes mosquiteiras, sab\u00e3o, artigos para o lar, ferramentas agr\u00edcolas e sementes.<a href=\"https:\/\/web.archive.org\/web\/20230126230805\/https:\/\/acninternational.org\/pt-pt\/natal-2021\/#en-mozambique\"><\/a><\/p>\n\n\n\n<div class=\"wp-block-buttons is-content-justification-center is-layout-flex wp-container-core-buttons-is-layout-16018d1d wp-block-buttons-is-layout-flex\">\n<div class=\"wp-block-button\"><a class=\"wp-block-button__link has-white-color has-text-color has-background has-link-color has-medium-font-size has-custom-font-size wp-element-button\" href=\"#dona\" style=\"border-top-left-radius:12px;border-top-right-radius:12px;border-bottom-left-radius:12px;border-bottom-right-radius:12px;background-color:#d60811\" target=\"_blank\" rel=\"noreferrer noopener\">QUERO AJUDAR<\/a><\/div>\n<\/div>\n<\/div>\n\n\n\n<div class=\"wp-block-column is-layout-flow wp-block-column-is-layout-flow\">\n<figure class=\"wp-block-image size-full\"><img loading=\"lazy\" decoding=\"async\" width=\"822\" height=\"622\" src=\"https:\/\/media.acninternational.org\/wp-content\/uploads\/2021\/11\/Syria.png\" alt=\"\" class=\"wp-image-161620\" srcset=\"https:\/\/media.acninternational.org\/wp-content\/uploads\/2021\/11\/Syria.png 822w, https:\/\/media.acninternational.org\/wp-content\/uploads\/2021\/11\/Syria-300x227.png 300w, https:\/\/media.acninternational.org\/wp-content\/uploads\/2021\/11\/Syria-768x581.png 768w\" sizes=\"auto, (max-width: 822px) 100vw, 822px\" \/><\/figure>\n\n\n\n<p><strong>Refei\u00e7\u00f5es sobre rodas para os que ficaram para tr\u00e1s.\u00a0<\/strong>Equipamento e implementa\u00e7\u00e3o do Projecto \u201cRefei\u00e7\u00f5es sobre Rodas para Idosos\u201d da Vigararia Latina em Alepo\u00a0.<a href=\"https:\/\/web.archive.org\/web\/20230126230805\/https:\/\/acninternational.org\/pt-pt\/natal-2021\/#en-syria\"><\/a><\/p>\n\n\n\n<div class=\"wp-block-buttons is-content-justification-center is-layout-flex wp-container-core-buttons-is-layout-16018d1d wp-block-buttons-is-layout-flex\">\n<div class=\"wp-block-button\"><a class=\"wp-block-button__link has-white-color has-text-color has-background has-link-color has-medium-font-size has-custom-font-size wp-element-button\" href=\"#dona\" style=\"border-top-left-radius:12px;border-top-right-radius:12px;border-bottom-left-radius:12px;border-bottom-right-radius:12px;background-color:#d60811\">QUERO AJUDAR<\/a><\/div>\n<\/div>\n<\/div>\n<\/div>\n\n\n\n<p class=\"container\">A vossa ajuda \u00e9 fundamental para manter viva a f\u00e9 dos nossos irm\u00e3os refugiados. Contribua para algum dos nossos projectos e ajude-nos a melhorar a vida de milhares de crist\u00e3os que dependem directamente das obras da Igreja. Fa\u00e7a um donativo!<\/p>\n\n\n\n<div class=\"wp-block-columns container is-layout-flex wp-container-core-columns-is-layout-9d6595d7 wp-block-columns-is-layout-flex\">\n<div class=\"wp-block-column is-vertically-aligned-center is-layout-flow wp-block-column-is-layout-flow\">\n<div class=\"wp-block-buttons is-content-justification-center is-layout-flex wp-container-core-buttons-is-layout-16018d1d wp-block-buttons-is-layout-flex\">\n<div class=\"wp-block-button\"><a class=\"wp-block-button__link has-white-color has-text-color has-background has-link-color has-medium-font-size has-custom-font-size wp-element-button\" href=\"#dona\" style=\"border-top-left-radius:12px;border-top-right-radius:12px;border-bottom-left-radius:12px;border-bottom-right-radius:12px;background-color:#d60811\">DOAR<\/a><\/div>\n<\/div>\n<\/div>\n<\/div>\n\n\n\n<p class=\"container\">\u201cNos seus rostos, somos chamados a reconhecer o rosto de Cristo faminto, sedento, nu, doente, forasteiro e encarcerado que nos interpela (cf. Mt 25, 31-46). Se O reconhecermos, seremos n\u00f3s a agradecer-Lhe por O termos podido encontrar, amar e servir\u201d.<\/p>\n\n\n\n<p class=\"container\">Papa Francisco, Mensagem para a 106\u00b0 Jornada Mundial do Emigrante e do Refugiado<\/p>\n\n\n<div class=\"wp-block-image\">\n<figure class=\"aligncenter size-large\"><img loading=\"lazy\" decoding=\"async\" width=\"1024\" height=\"125\" src=\"https:\/\/media.acninternational.org\/wp-content\/uploads\/2021\/11\/BannerpopeEN-1024x125.png\" alt=\"\" class=\"wp-image-161626\" srcset=\"https:\/\/media.acninternational.org\/wp-content\/uploads\/2021\/11\/BannerpopeEN-1024x125.png 1024w, https:\/\/media.acninternational.org\/wp-content\/uploads\/2021\/11\/BannerpopeEN-300x37.png 300w, https:\/\/media.acninternational.org\/wp-content\/uploads\/2021\/11\/BannerpopeEN-768x94.png 768w, https:\/\/media.acninternational.org\/wp-content\/uploads\/2021\/11\/BannerpopeEN-1536x187.png 1536w, https:\/\/media.acninternational.org\/wp-content\/uploads\/2021\/11\/BannerpopeEN-2048x250.png 2048w\" sizes=\"auto, (max-width: 1024px) 100vw, 1024px\" \/><\/figure>\n<\/div>","protected":false},"excerpt":{"rendered":"<p>Milhares de crist\u00e3os em \u00c1frica e no M\u00e9dio Oriente, perseguidos e deslocados por causa da sua f\u00e9, dependem do trabalho social e pastoral da Igreja e a Igreja depende de si para continuar a apoi\u00e1-los. Fa\u00e7a um donativo e leve a esperan\u00e7a do Natal aos refugiados! 82,4 MILH\u00d5ES DE PESSOAS DESLOCADAS EM TODO O MUNDO [&hellip;]<\/p>\n","protected":false},"author":4258341447,"featured_media":180135,"parent":0,"menu_order":0,"comment_status":"closed","ping_status":"closed","template":"page_general.php","meta":{"_acf_changed":false,"footnotes":""},"class_list":["post-161959","page","type-page","status-publish","has-post-thumbnail","hentry"],"acf":[],"yoast_head":"<!-- This site is optimized with the Yoast SEO Premium plugin v27.3 (Yoast SEO v27.3) - https:\/\/yoast.com\/product\/yoast-seo-premium-wordpress\/ -->\n<title>Natal 2021 | ACN International<\/title>\n<meta name=\"robots\" content=\"index, follow, max-snippet:-1, max-image-preview:large, max-video-preview:-1\" \/>\n<link rel=\"canonical\" href=\"https:\/\/acninternational.org\/pt-pt\/natal-2021\/\" \/>\n<meta property=\"og:locale\" content=\"pt_PT\" \/>\n<meta property=\"og:type\" content=\"article\" \/>\n<meta property=\"og:title\" content=\"Natal 2021\" \/>\n<meta property=\"og:description\" content=\"Milhares de crist\u00e3os em \u00c1frica e no M\u00e9dio Oriente, perseguidos e deslocados por causa da sua f\u00e9, dependem do trabalho social e pastoral da Igreja e a Igreja depende de si para continuar a apoi\u00e1-los. Fa\u00e7a um donativo e leve a esperan\u00e7a do Natal aos refugiados! 82,4 MILH\u00d5ES DE PESSOAS DESLOCADAS EM TODO O MUNDO [&hellip;]\" \/>\n<meta property=\"og:url\" content=\"https:\/\/acninternational.org\/pt-pt\/natal-2021\/\" \/>\n<meta property=\"og:site_name\" content=\"ACN International\" \/>\n<meta property=\"article:publisher\" content=\"https:\/\/www.facebook.com\/acninternationalorg\" \/>\n<meta property=\"article:modified_time\" content=\"2026-04-15T13:55:50+00:00\" \/>\n<meta property=\"og:image\" content=\"https:\/\/media.acninternational.org\/wp-content\/uploads\/2021\/12\/Nino-Paloma.jpeg\" \/>\n\t<meta property=\"og:image:width\" content=\"1500\" \/>\n\t<meta property=\"og:image:height\" content=\"1100\" \/>\n\t<meta property=\"og:image:type\" content=\"image\/jpeg\" \/>\n<meta name=\"twitter:card\" content=\"summary_large_image\" \/>\n<meta name=\"twitter:site\" content=\"@acn_int\" \/>\n<meta name=\"twitter:label1\" content=\"Tempo estimado de leitura\" \/>\n\t<meta name=\"twitter:data1\" content=\"8 minutos\" \/>\n<script type=\"application\/ld+json\" class=\"yoast-schema-graph\">{\"@context\":\"https:\\\/\\\/schema.org\",\"@graph\":[{\"@type\":\"WebPage\",\"@id\":\"https:\\\/\\\/acninternational.org\\\/pt-pt\\\/natal-2021\\\/\",\"url\":\"https:\\\/\\\/acninternational.org\\\/pt-pt\\\/natal-2021\\\/\",\"name\":\"Natal 2021 | ACN International\",\"isPartOf\":{\"@id\":\"https:\\\/\\\/acninternational.org\\\/pt-pt\\\/#website\"},\"primaryImageOfPage\":{\"@id\":\"https:\\\/\\\/acninternational.org\\\/pt-pt\\\/natal-2021\\\/#primaryimage\"},\"image\":{\"@id\":\"https:\\\/\\\/acninternational.org\\\/pt-pt\\\/natal-2021\\\/#primaryimage\"},\"thumbnailUrl\":\"https:\\\/\\\/media.acninternational.org\\\/wp-content\\\/uploads\\\/2021\\\/12\\\/Nino-Paloma.jpeg\",\"datePublished\":\"2021-11-12T01:16:14+00:00\",\"dateModified\":\"2026-04-15T13:55:50+00:00\",\"breadcrumb\":{\"@id\":\"https:\\\/\\\/acninternational.org\\\/pt-pt\\\/natal-2021\\\/#breadcrumb\"},\"inLanguage\":\"pt-PT\",\"potentialAction\":[{\"@type\":\"ReadAction\",\"target\":[\"https:\\\/\\\/acninternational.org\\\/pt-pt\\\/natal-2021\\\/\"]}]},{\"@type\":\"ImageObject\",\"inLanguage\":\"pt-PT\",\"@id\":\"https:\\\/\\\/acninternational.org\\\/pt-pt\\\/natal-2021\\\/#primaryimage\",\"url\":\"https:\\\/\\\/media.acninternational.org\\\/wp-content\\\/uploads\\\/2021\\\/12\\\/Nino-Paloma.jpeg\",\"contentUrl\":\"https:\\\/\\\/media.acninternational.org\\\/wp-content\\\/uploads\\\/2021\\\/12\\\/Nino-Paloma.jpeg\",\"width\":1500,\"height\":1100},{\"@type\":\"BreadcrumbList\",\"@id\":\"https:\\\/\\\/acninternational.org\\\/pt-pt\\\/natal-2021\\\/#breadcrumb\",\"itemListElement\":[{\"@type\":\"ListItem\",\"position\":1,\"name\":\"Home\",\"item\":\"https:\\\/\\\/acninternational.org\\\/pt-pt\\\/\"},{\"@type\":\"ListItem\",\"position\":2,\"name\":\"Natal 2021\"}]},{\"@type\":\"WebSite\",\"@id\":\"https:\\\/\\\/acninternational.org\\\/pt-pt\\\/#website\",\"url\":\"https:\\\/\\\/acninternational.org\\\/pt-pt\\\/\",\"name\":\"ACN International\",\"description\":\"\",\"publisher\":{\"@id\":\"https:\\\/\\\/acninternational.org\\\/pt-pt\\\/#organization\"},\"potentialAction\":[{\"@type\":\"SearchAction\",\"target\":{\"@type\":\"EntryPoint\",\"urlTemplate\":\"https:\\\/\\\/acninternational.org\\\/pt-pt\\\/?s={search_term_string}\"},\"query-input\":{\"@type\":\"PropertyValueSpecification\",\"valueRequired\":true,\"valueName\":\"search_term_string\"}}],\"inLanguage\":\"pt-PT\"},{\"@type\":\"Organization\",\"@id\":\"https:\\\/\\\/acninternational.org\\\/pt-pt\\\/#organization\",\"name\":\"Aid to the Church in Need International\",\"url\":\"https:\\\/\\\/acninternational.org\\\/pt-pt\\\/\",\"logo\":{\"@type\":\"ImageObject\",\"inLanguage\":\"pt-PT\",\"@id\":\"https:\\\/\\\/acninternational.org\\\/pt-pt\\\/#\\\/schema\\\/logo\\\/image\\\/\",\"url\":\"https:\\\/\\\/media.acninternational.org\\\/wp-content\\\/uploads\\\/2019\\\/11\\\/acn_logo_blackvector.svg\",\"contentUrl\":\"https:\\\/\\\/media.acninternational.org\\\/wp-content\\\/uploads\\\/2019\\\/11\\\/acn_logo_blackvector.svg\",\"width\":232.6,\"height\":78,\"caption\":\"Aid to the Church in Need International\"},\"image\":{\"@id\":\"https:\\\/\\\/acninternational.org\\\/pt-pt\\\/#\\\/schema\\\/logo\\\/image\\\/\"},\"sameAs\":[\"https:\\\/\\\/www.facebook.com\\\/acninternationalorg\",\"https:\\\/\\\/x.com\\\/acn_int\",\"https:\\\/\\\/www.youtube.com\\\/channel\\\/UCQ-077gS0TnVzkhHmf1opZw\",\"https:\\\/\\\/www.instagram.com\\\/acn_international\\\/\"]}]}<\/script>\n<!-- \/ Yoast SEO Premium plugin. -->","yoast_head_json":{"title":"Natal 2021 | ACN International","robots":{"index":"index","follow":"follow","max-snippet":"max-snippet:-1","max-image-preview":"max-image-preview:large","max-video-preview":"max-video-preview:-1"},"canonical":"https:\/\/acninternational.org\/pt-pt\/natal-2021\/","og_locale":"pt_PT","og_type":"article","og_title":"Natal 2021","og_description":"Milhares de crist\u00e3os em \u00c1frica e no M\u00e9dio Oriente, perseguidos e deslocados por causa da sua f\u00e9, dependem do trabalho social e pastoral da Igreja e a Igreja depende de si para continuar a apoi\u00e1-los. Fa\u00e7a um donativo e leve a esperan\u00e7a do Natal aos refugiados! 82,4 MILH\u00d5ES DE PESSOAS DESLOCADAS EM TODO O MUNDO [&hellip;]","og_url":"https:\/\/acninternational.org\/pt-pt\/natal-2021\/","og_site_name":"ACN International","article_publisher":"https:\/\/www.facebook.com\/acninternationalorg","article_modified_time":"2026-04-15T13:55:50+00:00","og_image":[{"width":1500,"height":1100,"url":"https:\/\/media.acninternational.org\/wp-content\/uploads\/2021\/12\/Nino-Paloma.jpeg","type":"image\/jpeg"}],"twitter_card":"summary_large_image","twitter_site":"@acn_int","twitter_misc":{"Tempo estimado de leitura":"8 minutos"},"schema":{"@context":"https:\/\/schema.org","@graph":[{"@type":"WebPage","@id":"https:\/\/acninternational.org\/pt-pt\/natal-2021\/","url":"https:\/\/acninternational.org\/pt-pt\/natal-2021\/","name":"Natal 2021 | ACN International","isPartOf":{"@id":"https:\/\/acninternational.org\/pt-pt\/#website"},"primaryImageOfPage":{"@id":"https:\/\/acninternational.org\/pt-pt\/natal-2021\/#primaryimage"},"image":{"@id":"https:\/\/acninternational.org\/pt-pt\/natal-2021\/#primaryimage"},"thumbnailUrl":"https:\/\/media.acninternational.org\/wp-content\/uploads\/2021\/12\/Nino-Paloma.jpeg","datePublished":"2021-11-12T01:16:14+00:00","dateModified":"2026-04-15T13:55:50+00:00","breadcrumb":{"@id":"https:\/\/acninternational.org\/pt-pt\/natal-2021\/#breadcrumb"},"inLanguage":"pt-PT","potentialAction":[{"@type":"ReadAction","target":["https:\/\/acninternational.org\/pt-pt\/natal-2021\/"]}]},{"@type":"ImageObject","inLanguage":"pt-PT","@id":"https:\/\/acninternational.org\/pt-pt\/natal-2021\/#primaryimage","url":"https:\/\/media.acninternational.org\/wp-content\/uploads\/2021\/12\/Nino-Paloma.jpeg","contentUrl":"https:\/\/media.acninternational.org\/wp-content\/uploads\/2021\/12\/Nino-Paloma.jpeg","width":1500,"height":1100},{"@type":"BreadcrumbList","@id":"https:\/\/acninternational.org\/pt-pt\/natal-2021\/#breadcrumb","itemListElement":[{"@type":"ListItem","position":1,"name":"Home","item":"https:\/\/acninternational.org\/pt-pt\/"},{"@type":"ListItem","position":2,"name":"Natal 2021"}]},{"@type":"WebSite","@id":"https:\/\/acninternational.org\/pt-pt\/#website","url":"https:\/\/acninternational.org\/pt-pt\/","name":"ACN International","description":"","publisher":{"@id":"https:\/\/acninternational.org\/pt-pt\/#organization"},"potentialAction":[{"@type":"SearchAction","target":{"@type":"EntryPoint","urlTemplate":"https:\/\/acninternational.org\/pt-pt\/?s={search_term_string}"},"query-input":{"@type":"PropertyValueSpecification","valueRequired":true,"valueName":"search_term_string"}}],"inLanguage":"pt-PT"},{"@type":"Organization","@id":"https:\/\/acninternational.org\/pt-pt\/#organization","name":"Aid to the Church in Need International","url":"https:\/\/acninternational.org\/pt-pt\/","logo":{"@type":"ImageObject","inLanguage":"pt-PT","@id":"https:\/\/acninternational.org\/pt-pt\/#\/schema\/logo\/image\/","url":"https:\/\/media.acninternational.org\/wp-content\/uploads\/2019\/11\/acn_logo_blackvector.svg","contentUrl":"https:\/\/media.acninternational.org\/wp-content\/uploads\/2019\/11\/acn_logo_blackvector.svg","width":232.6,"height":78,"caption":"Aid to the Church in Need International"},"image":{"@id":"https:\/\/acninternational.org\/pt-pt\/#\/schema\/logo\/image\/"},"sameAs":["https:\/\/www.facebook.com\/acninternationalorg","https:\/\/x.com\/acn_int","https:\/\/www.youtube.com\/channel\/UCQ-077gS0TnVzkhHmf1opZw","https:\/\/www.instagram.com\/acn_international\/"]}]}},"_links":{"self":[{"href":"https:\/\/acninternational.org\/pt-pt\/wp-json\/wp\/v2\/pages\/161959","targetHints":{"allow":["GET"]}}],"collection":[{"href":"https:\/\/acninternational.org\/pt-pt\/wp-json\/wp\/v2\/pages"}],"about":[{"href":"https:\/\/acninternational.org\/pt-pt\/wp-json\/wp\/v2\/types\/page"}],"author":[{"embeddable":true,"href":"https:\/\/acninternational.org\/pt-pt\/wp-json\/wp\/v2\/users\/4258341447"}],"replies":[{"embeddable":true,"href":"https:\/\/acninternational.org\/pt-pt\/wp-json\/wp\/v2\/comments?post=161959"}],"version-history":[{"count":1,"href":"https:\/\/acninternational.org\/pt-pt\/wp-json\/wp\/v2\/pages\/161959\/revisions"}],"predecessor-version":[{"id":263405,"href":"https:\/\/acninternational.org\/pt-pt\/wp-json\/wp\/v2\/pages\/161959\/revisions\/263405"}],"wp:featuredmedia":[{"embeddable":true,"href":"https:\/\/acninternational.org\/pt-pt\/wp-json\/wp\/v2\/media\/180135"}],"wp:attachment":[{"href":"https:\/\/acninternational.org\/pt-pt\/wp-json\/wp\/v2\/media?parent=161959"}],"curies":[{"name":"wp","href":"https:\/\/api.w.org\/{rel}","templated":true}]}}