{"id":124181,"date":"2019-07-22T14:52:33","date_gmt":"2019-07-22T12:52:33","guid":{"rendered":"https:\/\/acninternational.org\/a-nossa-historia\/"},"modified":"2024-01-19T14:59:25","modified_gmt":"2024-01-19T13:59:25","slug":"historia","status":"publish","type":"page","link":"https:\/\/acninternational.org\/pt-pt\/historia\/","title":{"rendered":"A nossa hist\u00f3ria"},"content":{"rendered":"<h1>\u00bb Que o Senhor fa\u00e7a com que as vossas ora\u00e7\u00f5es e comprometimento com a Igreja produzam frutos em todo o mundo \u00ab<\/h1>\n<p>Papa Francisco aos benfeitores da Funda\u00e7\u00e3o Aid to the Church in Need<\/p>\n<p>Desde seu in\u00edcio, a ACN representa o amor ao pr\u00f3ximo e a reconcilia\u00e7\u00e3o a servi\u00e7o de crist\u00e3os necessitados. Apoiados por nossos benfeitores, permaneceremos fi\u00e9is a esse esp\u00edrito no futuro para ajudar a Igreja nos locais onde seus fi\u00e9is s\u00e3o mais amea\u00e7ados por persegui\u00e7\u00e3o, discrimina\u00e7\u00e3o e pobreza. <\/p>\n<p><strong>1947 <\/strong>A pedido do Papa Pio XII, o Padre Werenfried van Straaten inaugura a ACN (ent\u00e3o chamada \u201cAjuda aos Sacerdotes do Leste\u201d) na abadia Premonstratense em Tongerlo, B\u00e9lgica. Em uma campanha \u00fanica de reconcilia\u00e7\u00e3o, doa\u00e7\u00f5es s\u00e3o coletadas na B\u00e9lgica e na Holanda para alem\u00e3es expulsos de sua terra natal, entre eles 3.000 padres.<\/p>\n<p><strong>1950 <\/strong>A fim de prestar assist\u00eancia pastoral aos alem\u00e3es expulsos de sua terra natal, 35 \u00f4nibus e caminh\u00f5es s\u00e3o transformados em \u201ccapelas itinerantes\u201d na original \u201ccampanha de carroscapela\u201d.<\/p>\n<p><strong>1952 <\/strong>A ACN defende crist\u00e3os perseguidos por tr\u00e1s da \u201cCortina de Ferro\u201d. Os projetos incluem ajuda para a reforma de igrejas, ajuda para a forma\u00e7\u00e3o de sacerdotes, incentivo para as transmiss\u00f5es de r\u00e1dio e o apostolado de livros.<\/p>\n<p><strong>1956 <\/strong>Ap\u00f3s a sangrenta revolta h\u00fangara contra o sistema estalinista, a ACN apoia a Igreja local durante a crise.<\/p>\n<p><strong>1961 <\/strong>Iniciamos nossos projetos de ajuda para a Igreja que passa por dificuldades na \u00c1sia. Como parte disso, ocorre o primeiro encontro do Padre Werenfried com Madre Teresa na \u201cCasa dos moribundos\u201d em Calcut\u00e1.<\/p>\n<p><strong>1962 <\/strong>Com a Am\u00e9rica Latina, nossa ajuda aos Cat\u00f3licos perseguidos e amea\u00e7ados \u00e9 estendida ao \u201cContinente Cat\u00f3lico\u201d.<\/p>\n<p><strong>1965 <\/strong>Passamos a receber tamb\u00e9m peti\u00e7\u00f5es da Igreja na \u00c1frica, que come\u00e7amos a apoiar com o mesmo compromisso que nos outros continentes.<\/p>\n<p><strong>1966 <\/strong>ACN \u00e9 consagrada a Nossa Senhora de F\u00e1tima. No ano seguinte, \u00e9 realizada uma grande peregrina\u00e7\u00e3o internacional para celebrar o 50\u00ba anivers\u00e1rio das apari\u00e7\u00f5es.<\/p>\n<p><strong>1970 <\/strong>Com uma campanha para a Igreja no Haiti, come\u00e7amos a ajudar um dos pa\u00edses mais pobres do mundo.<\/p>\n<p><strong>1975 <\/strong>A ACN transfere sua sede internacional de Roma para K\u00f6nigstein\/T, na Alemanha.<\/p>\n<p><strong>1979 <\/strong>Com a \u201cB\u00edblia das Crian\u00e7as\u201d, lan\u00e7amos um grande projeto de apoio \u00e0 evangeliza\u00e7\u00e3o mundial. O livro foi traduzido em 191 l\u00ednguas e teve mais de 51 milh\u00f5es de exemplares impressos e distribu\u00eddos.<\/p>\n<p><strong>1984 <\/strong>A ACN \u00e9 reconhecida pela Santa S\u00e9 como uma associa\u00e7\u00e3o universal da Igreja sob o direito papal.<\/p>\n<p><strong>1989 <\/strong>Ap\u00f3s a transforma\u00e7\u00e3o pol\u00edtica no leste europeu, a ACN fornece assist\u00eancia para a reconstru\u00e7\u00e3o e re-evangeliza\u00e7\u00e3o nos pa\u00edses do antigo Bloco do Leste.<\/p>\n<p><strong>1992 <\/strong>A pedido do Papa Jo\u00e3o Paulo II, nossa associa\u00e7\u00e3o de assist\u00eancia inicia seu compromisso de di\u00e1logo entre as Igrejas Cat\u00f3lica e Ortodoxa Russa.<\/p>\n<p><strong>1997 <\/strong>A ACN celebra 50 anos de servi\u00e7o \u00e0 Igreja que passa por dificuldades em todo o mundo.<\/p>\n<p><strong>2003 <\/strong>O Padre Werenfried van Straaten, o fundador de nossa associa\u00e7\u00e3o de assist\u00eancia, morre em 31 de janeiro aos 90 anos de idade em sua casa em Bad Soden am Taunus, Alemanha.<\/p>\n<p><strong>2007 <\/strong>O conflito no Oriente M\u00e9dio traz cada vez mais dificuldades para a Igreja na regi\u00e3o. O Papa Bento XVI pede que a ACN reforce seu compromisso com os crist\u00e3os no Oriente M\u00e9dio.<\/p>\n<p><strong>2011 <\/strong>A ACN tem um ano movimentado: o Papa Bento XVI restabelece nossa associa\u00e7\u00e3o de assist\u00eancia como uma funda\u00e7\u00e3o sob o direito papal e depois a reestrutura. Com o in\u00edcio da guerra da S\u00edria, a ACN lan\u00e7a extensas campanhas de ajuda e solidariedade, como a \u201cLight a candle for peace\u201d. <\/p>\n<p><strong>2014 <\/strong>A ACN lan\u00e7a uma campanha de ajuda de emerg\u00eancia aos crist\u00e3os no Iraque para permitir que eles permane\u00e7am em sua p\u00e1tria. O projeto continua at\u00e9 hoje, com mais de 5.000 casas reformadas. Al\u00e9m disso, a ACN tornase a \u00fanica acionista da Funda\u00e7\u00e3o YOUCAT e, portanto, a editora do YOUCAT. Hoje, essa obra \u00e9 muito popular no trabalho cat\u00f3lico juvenil mundial e \u00e9 traduzida em 58 idiomas. Na Coreia do Sul, a ACN abre seu primeiro escrit\u00f3rio na \u00c1sia. Depois v\u00eam outros escrit\u00f3rios no M\u00e9xico, Malta, Col\u00f4mbia, Eslov\u00e1quia e Filipinas at\u00e9 2019.<\/p>\n<p><strong>2017 <\/strong>Para comemorar o 70\u00ba anivers\u00e1rio de nossa institui\u00e7\u00e3o de caridade, a ACN convida benfeitores de todo o mundo a uma peregrina\u00e7\u00e3o ao santu\u00e1rio portugu\u00eas de F\u00e1tima. No mesmo ano, a Ajuda \u00e0 Igreja que Sofre assume a responsabilidade pela campanha anual \u201cUm milh\u00e3o de crian\u00e7as rezam o ter\u00e7o\u201d.<\/p>\n<p><strong>2019 <\/strong>Com o projeto de Prote\u00e7\u00e3o, a ACN apoia a Igreja em seus esfor\u00e7os de preven\u00e7\u00e3o de abusos e custeia cursos de prote\u00e7\u00e3o para sacerdotes e religiosos em todo o mundo.<\/p>\n<p><strong>2020 <\/strong>Nossa Funda\u00e7\u00e3o apoia a Igreja em todo o mundo em sua luta contra a pandemia do coronav\u00edrus, fornecendo ajuda especial para reduzir o impacto da crise sobre as Igrejas locais. Al\u00e9m disso, a ACN inicia uma grande campanha de ajuda emergencial para o L\u00edbano ap\u00f3s a explos\u00e3o no porto de Beirute.<\/p>\n<p><strong>2022<\/strong>\u00a0Imediatamente ap\u00f3s o in\u00edcio da guerra na Ucr\u00e2nia, a nossa institui\u00e7\u00e3o de caridade lan\u00e7a uma opera\u00e7\u00e3o de ajuda em grande escala para permitir que a igreja local ajude as pessoas em fuga e em sofrimento, e continue a prestar assist\u00eancia pastoral.<\/p>\n<p>\u00a0<br \/>\n\t\t\t\t\t\t\t\t\t\t\t\t\t\t\t<img loading=\"lazy\" decoding=\"async\" width=\"438\" height=\"358\" src=\"https:\/\/media.acninternational.org\/wp-content\/uploads\/2021\/02\/20120827_013-2.jpg\" alt=\"\" srcset=\"https:\/\/media.acninternational.org\/wp-content\/uploads\/2021\/02\/20120827_013-2.jpg 438w, https:\/\/media.acninternational.org\/wp-content\/uploads\/2021\/02\/20120827_013-2-300x245.jpg 300w\" sizes=\"auto, (max-width: 438px) 100vw, 438px\" \/><br \/>\n\t\t\t\t\t\t\t\t\t\t\t\t\t\t\t<img loading=\"lazy\" decoding=\"async\" width=\"282\" height=\"265\" src=\"https:\/\/media.acninternational.org\/wp-content\/uploads\/2019\/07\/geschichte-purpur-282-1.jpg\" alt=\"\" \/><br \/>\n\t\t\t\t\t\t\t\t\t\t\t\t\t\t\t<img loading=\"lazy\" decoding=\"async\" width=\"550\" height=\"584\" src=\"https:\/\/media.acninternational.org\/wp-content\/uploads\/2019\/07\/acn-20140730-11973_v1-purpur-550-1.jpg\" alt=\"\" srcset=\"https:\/\/media.acninternational.org\/wp-content\/uploads\/2019\/07\/acn-20140730-11973_v1-purpur-550-1.jpg 550w, https:\/\/media.acninternational.org\/wp-content\/uploads\/2019\/07\/acn-20140730-11973_v1-purpur-550-1-283x300.jpg 283w\" sizes=\"auto, (max-width: 550px) 100vw, 550px\" \/><br \/>\n\t\t\t\t\t\t\t\t\t\t\t\t\t\t\t<img loading=\"lazy\" decoding=\"async\" width=\"670\" height=\"400\" src=\"https:\/\/media.acninternational.org\/wp-content\/uploads\/2021\/02\/chapel-boat.jpg\" alt=\"\" srcset=\"https:\/\/media.acninternational.org\/wp-content\/uploads\/2021\/02\/chapel-boat.jpg 670w, https:\/\/media.acninternational.org\/wp-content\/uploads\/2021\/02\/chapel-boat-300x179.jpg 300w\" sizes=\"auto, (max-width: 670px) 100vw, 670px\" \/><br \/>\n\t\t\t\t\t\t\t\t\t\t\t\t\t\t\t<img loading=\"lazy\" decoding=\"async\" width=\"800\" height=\"600\" src=\"https:\/\/media.acninternational.org\/wp-content\/uploads\/2021\/02\/ACN-20200805-103676-1024x768.jpg\" alt=\"\" srcset=\"https:\/\/media.acninternational.org\/wp-content\/uploads\/2021\/02\/ACN-20200805-103676-1024x768.jpg 1024w, https:\/\/media.acninternational.org\/wp-content\/uploads\/2021\/02\/ACN-20200805-103676-300x225.jpg 300w, https:\/\/media.acninternational.org\/wp-content\/uploads\/2021\/02\/ACN-20200805-103676-768x576.jpg 768w, https:\/\/media.acninternational.org\/wp-content\/uploads\/2021\/02\/ACN-20200805-103676-1536x1152.jpg 1536w, https:\/\/media.acninternational.org\/wp-content\/uploads\/2021\/02\/ACN-20200805-103676-2048x1536.jpg 2048w\" sizes=\"auto, (max-width: 800px) 100vw, 800px\" \/><br \/>\n\t\t\t\t\t\t\t\t\t\t\t\t\t\t\t<img loading=\"lazy\" decoding=\"async\" width=\"800\" height=\"534\" src=\"https:\/\/media.acninternational.org\/wp-content\/uploads\/2021\/02\/ACN-20181202-80740.jpg\" alt=\"\" srcset=\"https:\/\/media.acninternational.org\/wp-content\/uploads\/2021\/02\/ACN-20181202-80740.jpg 856w, https:\/\/media.acninternational.org\/wp-content\/uploads\/2021\/02\/ACN-20181202-80740-300x200.jpg 300w, https:\/\/media.acninternational.org\/wp-content\/uploads\/2021\/02\/ACN-20181202-80740-768x512.jpg 768w\" sizes=\"auto, (max-width: 800px) 100vw, 800px\" \/><br \/>\n\t\t\t\t\t\t\t\t\t\t\t\t\t\t\t<img loading=\"lazy\" decoding=\"async\" width=\"800\" height=\"545\" src=\"https:\/\/media.acninternational.org\/wp-content\/uploads\/2021\/02\/ACN-20191007-92302_2-1024x698.jpg\" alt=\"\" srcset=\"https:\/\/media.acninternational.org\/wp-content\/uploads\/2021\/02\/ACN-20191007-92302_2-1024x698.jpg 1024w, https:\/\/media.acninternational.org\/wp-content\/uploads\/2021\/02\/ACN-20191007-92302_2-300x205.jpg 300w, https:\/\/media.acninternational.org\/wp-content\/uploads\/2021\/02\/ACN-20191007-92302_2-768x524.jpg 768w, https:\/\/media.acninternational.org\/wp-content\/uploads\/2021\/02\/ACN-20191007-92302_2-1536x1047.jpg 1536w, https:\/\/media.acninternational.org\/wp-content\/uploads\/2021\/02\/ACN-20191007-92302_2-2048x1397.jpg 2048w\" sizes=\"auto, (max-width: 800px) 100vw, 800px\" \/><br \/>\n\t\t\t\t\t\t\t\t\t\t\t\t\t\t\t<img loading=\"lazy\" decoding=\"async\" width=\"800\" height=\"823\" src=\"https:\/\/media.acninternational.org\/wp-content\/uploads\/2021\/02\/ACN-20171004-62192_ok-995x1024.jpg\" alt=\"\" srcset=\"https:\/\/media.acninternational.org\/wp-content\/uploads\/2021\/02\/ACN-20171004-62192_ok-995x1024.jpg 995w, https:\/\/media.acninternational.org\/wp-content\/uploads\/2021\/02\/ACN-20171004-62192_ok-292x300.jpg 292w, https:\/\/media.acninternational.org\/wp-content\/uploads\/2021\/02\/ACN-20171004-62192_ok-768x790.jpg 768w, https:\/\/media.acninternational.org\/wp-content\/uploads\/2021\/02\/ACN-20171004-62192_ok-1493x1536.jpg 1493w, https:\/\/media.acninternational.org\/wp-content\/uploads\/2021\/02\/ACN-20171004-62192_ok-1990x2048.jpg 1990w\" sizes=\"auto, (max-width: 800px) 100vw, 800px\" \/><br \/>\n\t\t\t\t\t\t\t\t\t\t\t\t\t\t\t<img loading=\"lazy\" decoding=\"async\" width=\"800\" height=\"516\" src=\"https:\/\/media.acninternational.org\/wp-content\/uploads\/2021\/02\/ACN-20200424-100106-1024x660.jpg\" alt=\"\" srcset=\"https:\/\/media.acninternational.org\/wp-content\/uploads\/2021\/02\/ACN-20200424-100106-1024x660.jpg 1024w, https:\/\/media.acninternational.org\/wp-content\/uploads\/2021\/02\/ACN-20200424-100106-300x193.jpg 300w, https:\/\/media.acninternational.org\/wp-content\/uploads\/2021\/02\/ACN-20200424-100106-768x495.jpg 768w, https:\/\/media.acninternational.org\/wp-content\/uploads\/2021\/02\/ACN-20200424-100106-1536x990.jpg 1536w, https:\/\/media.acninternational.org\/wp-content\/uploads\/2021\/02\/ACN-20200424-100106-2048x1320.jpg 2048w\" sizes=\"auto, (max-width: 800px) 100vw, 800px\" \/>\t\t\t\t\t\t\t\t\t\t\t\t\t\t\t<\/p>\n<p><strong>1947 <\/strong>A pedido do Papa Pio XII, o Padre Werenfried van Straaten inaugura a ACN (ent\u00e3o chamada \u201cAjuda aos Sacerdotes do Leste\u201d) na abadia Premonstratense em Tongerlo, B\u00e9lgica. Em uma campanha \u00fanica de reconcilia\u00e7\u00e3o, doa\u00e7\u00f5es s\u00e3o coletadas na B\u00e9lgica e na Holanda para alem\u00e3es expulsos de sua terra natal, entre eles 3.000 padres.<\/p>\n<p><strong>1950 <\/strong>A fim de prestar assist\u00eancia pastoral aos alem\u00e3es expulsos de sua terra natal, 35 \u00f4nibus e caminh\u00f5es s\u00e3o transformados em \u201ccapelas itinerantes\u201d na original \u201ccampanha de carroscapela\u201d.<\/p>\n<p><img loading=\"lazy\" decoding=\"async\" src=\"https:\/\/media.acninternational.org\/wp-content\/uploads\/2021\/02\/20120827_013-2.jpg\" alt=\"\" width=\"438\" height=\"358\" \/><\/p>\n<p><strong>1952 <\/strong>A ACN defende crist\u00e3os perseguidos por tr\u00e1s da \u201cCortina de Ferro\u201d. Os projetos incluem ajuda para a reforma de igrejas, ajuda para a forma\u00e7\u00e3o de sacerdotes, incentivo para as transmiss\u00f5es de r\u00e1dio e o apostolado de livros.<\/p>\n<p><strong>1956 <\/strong>Ap\u00f3s a sangrenta revolta h\u00fangara contra o sistema estalinista, a ACN apoia a Igreja local durante a crise.<\/p>\n<p><img loading=\"lazy\" decoding=\"async\" src=\"https:\/\/media.acninternational.org\/wp-content\/uploads\/2019\/07\/geschichte-purpur-282-1.jpg\" alt=\"\" width=\"282\" height=\"265\" \/><\/p>\n<p><strong>1961 <\/strong>Iniciamos nossos projetos de ajuda para a Igreja que passa por dificuldades na \u00c1sia. Como parte disso, ocorre o primeiro encontro do Padre Werenfried com Madre Teresa na \u201cCasa dos moribundos\u201d em Calcut\u00e1.<\/p>\n<p><strong>1962 <\/strong>Com a Am\u00e9rica Latina, nossa ajuda aos Cat\u00f3licos perseguidos e amea\u00e7ados \u00e9 estendida ao \u201cContinente Cat\u00f3lico\u201d.<\/p>\n<p><strong>1965 <\/strong>Passamos a receber tamb\u00e9m peti\u00e7\u00f5es da Igreja na \u00c1frica, que come\u00e7amos a apoiar com o mesmo compromisso que nos outros continentes.<\/p>\n<p><strong>1966 <\/strong>ACN \u00e9 consagrada a Nossa Senhora de F\u00e1tima. No ano seguinte, \u00e9 realizada uma grande peregrina\u00e7\u00e3o internacional para celebrar o 50\u00ba anivers\u00e1rio das apari\u00e7\u00f5es.<\/p>\n<p><strong>1970 <\/strong>Com uma campanha para a Igreja no Haiti, come\u00e7amos a ajudar um dos pa\u00edses mais pobres do mundo.<\/p>\n<p><strong>1975 <\/strong>A ACN transfere sua sede internacional de Roma para K\u00f6nigstein\/T, na Alemanha.<\/p>\n<p><strong>1979 <\/strong>Com a \u201cB\u00edblia das Crian\u00e7as\u201d, lan\u00e7amos um grande projeto de apoio \u00e0 evangeliza\u00e7\u00e3o mundial. O livro foi traduzido em 191 l\u00ednguas e teve mais de 51 milh\u00f5es de exemplares impressos e distribu\u00eddos.<\/p>\n<p><img loading=\"lazy\" decoding=\"async\" src=\"https:\/\/media.acninternational.org\/wp-content\/uploads\/2019\/07\/acn-20140730-11973_v1-purpur-550-1-283x300.jpg\" alt=\"\" width=\"283\" height=\"300\" \/><\/p>\n<p><strong>1984 <\/strong>A ACN \u00e9 reconhecida pela Santa S\u00e9 como uma associa\u00e7\u00e3o universal da Igreja sob o direito papal.<\/p>\n<p><strong>1989 <\/strong>Ap\u00f3s a transforma\u00e7\u00e3o pol\u00edtica no leste europeu, a ACN fornece assist\u00eancia para a reconstru\u00e7\u00e3o e re-evangeliza\u00e7\u00e3o nos pa\u00edses do antigo Bloco do Leste.<\/p>\n<p><img loading=\"lazy\" decoding=\"async\" src=\"https:\/\/media.acninternational.org\/wp-content\/uploads\/2021\/02\/chapel-boat.jpg\" alt=\"\" width=\"670\" height=\"400\" \/><\/p>\n<p><strong>1992 <\/strong>A pedido do Papa Jo\u00e3o Paulo II, nossa associa\u00e7\u00e3o de assist\u00eancia inicia seu compromisso de di\u00e1logo entre as Igrejas Cat\u00f3lica e Ortodoxa Russa.<\/p>\n<p><strong>1997 <\/strong>A ACN celebra 50 anos de servi\u00e7o \u00e0 Igreja que passa por dificuldades em todo o mundo.<\/p>\n<p><strong>2003 <\/strong>O Padre Werenfried van Straaten, o fundador de nossa associa\u00e7\u00e3o de assist\u00eancia, morre em 31 de janeiro aos 90 anos de idade em sua casa em Bad Soden am Taunus, Alemanha.<\/p>\n<p><strong>2007 <\/strong>O conflito no Oriente M\u00e9dio traz cada vez mais dificuldades para a Igreja na regi\u00e3o. O Papa Bento XVI pede que a ACN reforce seu compromisso com os crist\u00e3os no Oriente M\u00e9dio.<\/p>\n<p><strong>2011 <\/strong>A ACN tem um ano movimentado: o Papa Bento XVI restabelece nossa associa\u00e7\u00e3o de assist\u00eancia como uma funda\u00e7\u00e3o sob o direito papal e depois a reestrutura. Com o in\u00edcio da guerra da S\u00edria, a ACN lan\u00e7a extensas campanhas de ajuda e solidariedade, como a \u201cLight a candle for peace\u201d.<\/p>\n<p><img loading=\"lazy\" decoding=\"async\" src=\"https:\/\/media.acninternational.org\/wp-content\/uploads\/2021\/02\/ACN-20181202-80740.jpg\" alt=\"\" width=\"856\" height=\"571\" \/><\/p>\n<p><strong>2014 <\/strong>A ACN lan\u00e7a uma campanha de ajuda de emerg\u00eancia aos crist\u00e3os no Iraque para permitir que eles permane\u00e7am em sua p\u00e1tria. O projeto continua at\u00e9 hoje, com mais de 5.000 casas reformadas. Al\u00e9m disso, a ACN tornase a \u00fanica acionista da Funda\u00e7\u00e3o YOUCAT e, portanto, a editora do YOUCAT. Hoje, essa obra \u00e9 muito popular no trabalho cat\u00f3lico juvenil mundial e \u00e9 traduzida em 58 idiomas. Na Coreia do Sul, a ACN abre seu primeiro escrit\u00f3rio na \u00c1sia. Depois v\u00eam outros escrit\u00f3rios no M\u00e9xico, Malta, Col\u00f4mbia, Eslov\u00e1quia e Filipinas at\u00e9 2019.<\/p>\n<p><img loading=\"lazy\" decoding=\"async\" src=\"https:\/\/media.acninternational.org\/wp-content\/uploads\/2021\/02\/ACN-20191007-92302_2-scaled.jpg\" alt=\"\" width=\"2560\" height=\"1746\" \/><\/p>\n<p><strong>2017 <\/strong>Para comemorar o 70\u00ba anivers\u00e1rio de nossa institui\u00e7\u00e3o de caridade, a ACN convida benfeitores de todo o mundo a uma peregrina\u00e7\u00e3o ao santu\u00e1rio portugu\u00eas de F\u00e1tima. No mesmo ano, a Ajuda \u00e0 Igreja que Sofre assume a responsabilidade pela campanha anual \u201cUm milh\u00e3o de crian\u00e7as rezam o ter\u00e7o\u201d.<\/p>\n<p><img loading=\"lazy\" decoding=\"async\" src=\"https:\/\/media.acninternational.org\/wp-content\/uploads\/2021\/02\/ACN-20200805-103676-scaled.jpg\" alt=\"\" width=\"2560\" height=\"1920\" \/><\/p>\n<p><strong>2019 <\/strong>Com o projeto de Prote\u00e7\u00e3o, a ACN apoia a Igreja em seus esfor\u00e7os de preven\u00e7\u00e3o de abusos e custeia cursos de prote\u00e7\u00e3o para sacerdotes e religiosos em todo o mundo.<\/p>\n<p><img loading=\"lazy\" decoding=\"async\" src=\"https:\/\/media.acninternational.org\/wp-content\/uploads\/2021\/02\/ACN-20171004-62192_ok-scaled.jpg\" alt=\"\" width=\"2488\" height=\"2560\" \/><\/p>\n<p><strong>2020 <\/strong>Nossa Funda\u00e7\u00e3o apoia a Igreja em todo o mundo em sua luta contra a pandemia do coronav\u00edrus, fornecendo ajuda especial para reduzir o impacto da crise sobre as Igrejas locais. Al\u00e9m disso, a ACN inicia uma grande campanha de ajuda emergencial para o L\u00edbano ap\u00f3s a explos\u00e3o no porto de Beirute.<\/p>\n<p><img loading=\"lazy\" decoding=\"async\" src=\"https:\/\/media.acninternational.org\/wp-content\/uploads\/2021\/02\/ACN-20200424-100106-scaled.jpg\" alt=\"\" width=\"2560\" height=\"1650\" \/><\/p>\n<p><strong>2020<\/strong> Campanha de emerg\u00eancia para o L\u00edbano ap\u00f3s a explos\u00e3o de Beirut<\/p>\n","protected":false},"excerpt":{"rendered":"<p>\u00bb Que o Senhor fa\u00e7a com que as vossas ora\u00e7\u00f5es e comprometimento com a Igreja produzam frutos em todo o mundo \u00ab Papa Francisco aos benfeitores da Funda\u00e7\u00e3o Aid to the Church in Need Desde seu in\u00edcio, a ACN representa o amor ao pr\u00f3ximo e a reconcilia\u00e7\u00e3o a servi\u00e7o de crist\u00e3os necessitados. Apoiados por nossos [&hellip;]<\/p>\n","protected":false},"author":1,"featured_media":123085,"parent":0,"menu_order":0,"comment_status":"closed","ping_status":"closed","template":"page_general.php","meta":{"_acf_changed":false,"footnotes":""},"class_list":["post-124181","page","type-page","status-publish","has-post-thumbnail","hentry"],"acf":[],"yoast_head":"<!-- This site is optimized with the Yoast SEO Premium plugin v27.5 (Yoast SEO v27.5) - https:\/\/yoast.com\/product\/yoast-seo-premium-wordpress\/ -->\n<title>A nossa hist\u00f3ria | ACN International<\/title>\n<meta name=\"robots\" content=\"index, follow, max-snippet:-1, max-image-preview:large, max-video-preview:-1\" \/>\n<link rel=\"canonical\" href=\"https:\/\/acninternational.org\/pt-pt\/historia\/\" \/>\n<meta property=\"og:locale\" content=\"pt_PT\" \/>\n<meta property=\"og:type\" content=\"article\" \/>\n<meta property=\"og:title\" content=\"A nossa hist\u00f3ria\" \/>\n<meta property=\"og:description\" content=\"\u00bb Que o Senhor fa\u00e7a com que as vossas ora\u00e7\u00f5es e comprometimento com a Igreja produzam frutos em todo o mundo \u00ab Papa Francisco aos benfeitores da Funda\u00e7\u00e3o Aid to the Church in Need Desde seu in\u00edcio, a ACN representa o amor ao pr\u00f3ximo e a reconcilia\u00e7\u00e3o a servi\u00e7o de crist\u00e3os necessitados. Apoiados por nossos [&hellip;]\" \/>\n<meta property=\"og:url\" content=\"https:\/\/acninternational.org\/pt-pt\/historia\/\" \/>\n<meta property=\"og:site_name\" content=\"ACN International\" \/>\n<meta property=\"article:publisher\" content=\"https:\/\/www.facebook.com\/acninternationalorg\" \/>\n<meta property=\"article:modified_time\" content=\"2024-01-19T13:59:25+00:00\" \/>\n<meta property=\"og:image\" content=\"https:\/\/media.acninternational.org\/wp-content\/uploads\/2019\/07\/20060705_006-purpur-4000-1.jpg\" \/>\n\t<meta property=\"og:image:width\" content=\"2000\" \/>\n\t<meta property=\"og:image:height\" content=\"625\" \/>\n\t<meta property=\"og:image:type\" content=\"image\/jpeg\" \/>\n<meta name=\"twitter:card\" content=\"summary_large_image\" \/>\n<meta name=\"twitter:site\" content=\"@acn_int\" \/>\n<meta name=\"twitter:label1\" content=\"Tempo estimado de leitura\" \/>\n\t<meta name=\"twitter:data1\" content=\"13 minutos\" \/>\n<script type=\"application\/ld+json\" class=\"yoast-schema-graph\">{\"@context\":\"https:\\\/\\\/schema.org\",\"@graph\":[{\"@type\":\"WebPage\",\"@id\":\"https:\\\/\\\/acninternational.org\\\/pt-pt\\\/historia\\\/\",\"url\":\"https:\\\/\\\/acninternational.org\\\/pt-pt\\\/historia\\\/\",\"name\":\"A nossa hist\u00f3ria | ACN International\",\"isPartOf\":{\"@id\":\"https:\\\/\\\/acninternational.org\\\/pt-pt\\\/#website\"},\"primaryImageOfPage\":{\"@id\":\"https:\\\/\\\/acninternational.org\\\/pt-pt\\\/historia\\\/#primaryimage\"},\"image\":{\"@id\":\"https:\\\/\\\/acninternational.org\\\/pt-pt\\\/historia\\\/#primaryimage\"},\"thumbnailUrl\":\"https:\\\/\\\/media.acninternational.org\\\/wp-content\\\/uploads\\\/2019\\\/07\\\/20060705_006-purpur-4000-1.jpg\",\"datePublished\":\"2019-07-22T12:52:33+00:00\",\"dateModified\":\"2024-01-19T13:59:25+00:00\",\"breadcrumb\":{\"@id\":\"https:\\\/\\\/acninternational.org\\\/pt-pt\\\/historia\\\/#breadcrumb\"},\"inLanguage\":\"pt-PT\",\"potentialAction\":[{\"@type\":\"ReadAction\",\"target\":[\"https:\\\/\\\/acninternational.org\\\/pt-pt\\\/historia\\\/\"]}]},{\"@type\":\"ImageObject\",\"inLanguage\":\"pt-PT\",\"@id\":\"https:\\\/\\\/acninternational.org\\\/pt-pt\\\/historia\\\/#primaryimage\",\"url\":\"https:\\\/\\\/media.acninternational.org\\\/wp-content\\\/uploads\\\/2019\\\/07\\\/20060705_006-purpur-4000-1.jpg\",\"contentUrl\":\"https:\\\/\\\/media.acninternational.org\\\/wp-content\\\/uploads\\\/2019\\\/07\\\/20060705_006-purpur-4000-1.jpg\",\"width\":2000,\"height\":625},{\"@type\":\"BreadcrumbList\",\"@id\":\"https:\\\/\\\/acninternational.org\\\/pt-pt\\\/historia\\\/#breadcrumb\",\"itemListElement\":[{\"@type\":\"ListItem\",\"position\":1,\"name\":\"Home\",\"item\":\"https:\\\/\\\/acninternational.org\\\/pt-pt\\\/\"},{\"@type\":\"ListItem\",\"position\":2,\"name\":\"A nossa hist\u00f3ria\"}]},{\"@type\":\"WebSite\",\"@id\":\"https:\\\/\\\/acninternational.org\\\/pt-pt\\\/#website\",\"url\":\"https:\\\/\\\/acninternational.org\\\/pt-pt\\\/\",\"name\":\"ACN International\",\"description\":\"\",\"publisher\":{\"@id\":\"https:\\\/\\\/acninternational.org\\\/pt-pt\\\/#organization\"},\"potentialAction\":[{\"@type\":\"SearchAction\",\"target\":{\"@type\":\"EntryPoint\",\"urlTemplate\":\"https:\\\/\\\/acninternational.org\\\/pt-pt\\\/?s={search_term_string}\"},\"query-input\":{\"@type\":\"PropertyValueSpecification\",\"valueRequired\":true,\"valueName\":\"search_term_string\"}}],\"inLanguage\":\"pt-PT\"},{\"@type\":\"Organization\",\"@id\":\"https:\\\/\\\/acninternational.org\\\/pt-pt\\\/#organization\",\"name\":\"Aid to the Church in Need International\",\"url\":\"https:\\\/\\\/acninternational.org\\\/pt-pt\\\/\",\"logo\":{\"@type\":\"ImageObject\",\"inLanguage\":\"pt-PT\",\"@id\":\"https:\\\/\\\/acninternational.org\\\/pt-pt\\\/#\\\/schema\\\/logo\\\/image\\\/\",\"url\":\"https:\\\/\\\/media.acninternational.org\\\/wp-content\\\/uploads\\\/2019\\\/11\\\/acn_logo_blackvector.svg\",\"contentUrl\":\"https:\\\/\\\/media.acninternational.org\\\/wp-content\\\/uploads\\\/2019\\\/11\\\/acn_logo_blackvector.svg\",\"width\":232.6,\"height\":78,\"caption\":\"Aid to the Church in Need International\"},\"image\":{\"@id\":\"https:\\\/\\\/acninternational.org\\\/pt-pt\\\/#\\\/schema\\\/logo\\\/image\\\/\"},\"sameAs\":[\"https:\\\/\\\/www.facebook.com\\\/acninternationalorg\",\"https:\\\/\\\/x.com\\\/acn_int\",\"https:\\\/\\\/www.youtube.com\\\/channel\\\/UCQ-077gS0TnVzkhHmf1opZw\",\"https:\\\/\\\/www.instagram.com\\\/acn_international\\\/\"]}]}<\/script>\n<!-- \/ Yoast SEO Premium plugin. -->","yoast_head_json":{"title":"A nossa hist\u00f3ria | ACN International","robots":{"index":"index","follow":"follow","max-snippet":"max-snippet:-1","max-image-preview":"max-image-preview:large","max-video-preview":"max-video-preview:-1"},"canonical":"https:\/\/acninternational.org\/pt-pt\/historia\/","og_locale":"pt_PT","og_type":"article","og_title":"A nossa hist\u00f3ria","og_description":"\u00bb Que o Senhor fa\u00e7a com que as vossas ora\u00e7\u00f5es e comprometimento com a Igreja produzam frutos em todo o mundo \u00ab Papa Francisco aos benfeitores da Funda\u00e7\u00e3o Aid to the Church in Need Desde seu in\u00edcio, a ACN representa o amor ao pr\u00f3ximo e a reconcilia\u00e7\u00e3o a servi\u00e7o de crist\u00e3os necessitados. Apoiados por nossos [&hellip;]","og_url":"https:\/\/acninternational.org\/pt-pt\/historia\/","og_site_name":"ACN International","article_publisher":"https:\/\/www.facebook.com\/acninternationalorg","article_modified_time":"2024-01-19T13:59:25+00:00","og_image":[{"width":2000,"height":625,"url":"https:\/\/media.acninternational.org\/wp-content\/uploads\/2019\/07\/20060705_006-purpur-4000-1.jpg","type":"image\/jpeg"}],"twitter_card":"summary_large_image","twitter_site":"@acn_int","twitter_misc":{"Tempo estimado de leitura":"13 minutos"},"schema":{"@context":"https:\/\/schema.org","@graph":[{"@type":"WebPage","@id":"https:\/\/acninternational.org\/pt-pt\/historia\/","url":"https:\/\/acninternational.org\/pt-pt\/historia\/","name":"A nossa hist\u00f3ria | ACN International","isPartOf":{"@id":"https:\/\/acninternational.org\/pt-pt\/#website"},"primaryImageOfPage":{"@id":"https:\/\/acninternational.org\/pt-pt\/historia\/#primaryimage"},"image":{"@id":"https:\/\/acninternational.org\/pt-pt\/historia\/#primaryimage"},"thumbnailUrl":"https:\/\/media.acninternational.org\/wp-content\/uploads\/2019\/07\/20060705_006-purpur-4000-1.jpg","datePublished":"2019-07-22T12:52:33+00:00","dateModified":"2024-01-19T13:59:25+00:00","breadcrumb":{"@id":"https:\/\/acninternational.org\/pt-pt\/historia\/#breadcrumb"},"inLanguage":"pt-PT","potentialAction":[{"@type":"ReadAction","target":["https:\/\/acninternational.org\/pt-pt\/historia\/"]}]},{"@type":"ImageObject","inLanguage":"pt-PT","@id":"https:\/\/acninternational.org\/pt-pt\/historia\/#primaryimage","url":"https:\/\/media.acninternational.org\/wp-content\/uploads\/2019\/07\/20060705_006-purpur-4000-1.jpg","contentUrl":"https:\/\/media.acninternational.org\/wp-content\/uploads\/2019\/07\/20060705_006-purpur-4000-1.jpg","width":2000,"height":625},{"@type":"BreadcrumbList","@id":"https:\/\/acninternational.org\/pt-pt\/historia\/#breadcrumb","itemListElement":[{"@type":"ListItem","position":1,"name":"Home","item":"https:\/\/acninternational.org\/pt-pt\/"},{"@type":"ListItem","position":2,"name":"A nossa hist\u00f3ria"}]},{"@type":"WebSite","@id":"https:\/\/acninternational.org\/pt-pt\/#website","url":"https:\/\/acninternational.org\/pt-pt\/","name":"ACN International","description":"","publisher":{"@id":"https:\/\/acninternational.org\/pt-pt\/#organization"},"potentialAction":[{"@type":"SearchAction","target":{"@type":"EntryPoint","urlTemplate":"https:\/\/acninternational.org\/pt-pt\/?s={search_term_string}"},"query-input":{"@type":"PropertyValueSpecification","valueRequired":true,"valueName":"search_term_string"}}],"inLanguage":"pt-PT"},{"@type":"Organization","@id":"https:\/\/acninternational.org\/pt-pt\/#organization","name":"Aid to the Church in Need International","url":"https:\/\/acninternational.org\/pt-pt\/","logo":{"@type":"ImageObject","inLanguage":"pt-PT","@id":"https:\/\/acninternational.org\/pt-pt\/#\/schema\/logo\/image\/","url":"https:\/\/media.acninternational.org\/wp-content\/uploads\/2019\/11\/acn_logo_blackvector.svg","contentUrl":"https:\/\/media.acninternational.org\/wp-content\/uploads\/2019\/11\/acn_logo_blackvector.svg","width":232.6,"height":78,"caption":"Aid to the Church in Need International"},"image":{"@id":"https:\/\/acninternational.org\/pt-pt\/#\/schema\/logo\/image\/"},"sameAs":["https:\/\/www.facebook.com\/acninternationalorg","https:\/\/x.com\/acn_int","https:\/\/www.youtube.com\/channel\/UCQ-077gS0TnVzkhHmf1opZw","https:\/\/www.instagram.com\/acn_international\/"]}]}},"_links":{"self":[{"href":"https:\/\/acninternational.org\/pt-pt\/wp-json\/wp\/v2\/pages\/124181","targetHints":{"allow":["GET"]}}],"collection":[{"href":"https:\/\/acninternational.org\/pt-pt\/wp-json\/wp\/v2\/pages"}],"about":[{"href":"https:\/\/acninternational.org\/pt-pt\/wp-json\/wp\/v2\/types\/page"}],"author":[{"embeddable":true,"href":"https:\/\/acninternational.org\/pt-pt\/wp-json\/wp\/v2\/users\/1"}],"replies":[{"embeddable":true,"href":"https:\/\/acninternational.org\/pt-pt\/wp-json\/wp\/v2\/comments?post=124181"}],"version-history":[{"count":0,"href":"https:\/\/acninternational.org\/pt-pt\/wp-json\/wp\/v2\/pages\/124181\/revisions"}],"wp:featuredmedia":[{"embeddable":true,"href":"https:\/\/acninternational.org\/pt-pt\/wp-json\/wp\/v2\/media\/123085"}],"wp:attachment":[{"href":"https:\/\/acninternational.org\/pt-pt\/wp-json\/wp\/v2\/media?parent=124181"}],"curies":[{"name":"wp","href":"https:\/\/api.w.org\/{rel}","templated":true}]}}