{"version":"1.0","provider_name":"ACN International","provider_url":"https:\/\/acninternational.org\/pt-pt\/","title":"Declara\u00e7\u00e3o da organiza\u00e7\u00e3o internacional caritativa Aid to the Church in Need (ACN) sobre o artigo \u201cGut und B\u00f6se\u201d no suplemento de ZEIT \u201cChris&Welt\u201d de 10 de fevereiro de 2021","type":"rich","width":600,"height":338,"html":"<blockquote class=\"wp-embedded-content\" data-secret=\"VwRpWNICtk\"><a href=\"https:\/\/acninternational.org\/pt-pt\/declaracao-sobre-chriswelt\/\">Declara\u00e7\u00e3o da organiza\u00e7\u00e3o internacional caritativa Aid to the Church in Need (ACN) sobre o artigo \u201cGut und B\u00f6se\u201d no suplemento de ZEIT \u201cChris&#038;Welt\u201d de 10 de fevereiro de 2021<\/a><\/blockquote><iframe sandbox=\"allow-scripts\" security=\"restricted\" src=\"https:\/\/acninternational.org\/pt-pt\/declaracao-sobre-chriswelt\/embed\/#?secret=VwRpWNICtk\" width=\"600\" height=\"338\" title=\"&#8220;Declara\u00e7\u00e3o da organiza\u00e7\u00e3o internacional caritativa Aid to the Church in Need (ACN) sobre o artigo \u201cGut und B\u00f6se\u201d no suplemento de ZEIT \u201cChris&#038;Welt\u201d de 10 de fevereiro de 2021&#8221; &#8212; ACN International\" data-secret=\"VwRpWNICtk\" frameborder=\"0\" marginwidth=\"0\" marginheight=\"0\" scrolling=\"no\" class=\"wp-embedded-content\"><\/iframe><script>\n\/*! This file is auto-generated *\/\n!function(d,l){\"use strict\";l.querySelector&&d.addEventListener&&\"undefined\"!=typeof URL&&(d.wp=d.wp||{},d.wp.receiveEmbedMessage||(d.wp.receiveEmbedMessage=function(e){var t=e.data;if((t||t.secret||t.message||t.value)&&!\/[^a-zA-Z0-9]\/.test(t.secret)){for(var s,r,n,a=l.querySelectorAll('iframe[data-secret=\"'+t.secret+'\"]'),o=l.querySelectorAll('blockquote[data-secret=\"'+t.secret+'\"]'),c=new RegExp(\"^https?:$\",\"i\"),i=0;i<o.length;i++)o[i].style.display=\"none\";for(i=0;i<a.length;i++)s=a[i],e.source===s.contentWindow&&(s.removeAttribute(\"style\"),\"height\"===t.message?(1e3<(r=parseInt(t.value,10))?r=1e3:~~r<200&&(r=200),s.height=r):\"link\"===t.message&&(r=new URL(s.getAttribute(\"src\")),n=new URL(t.value),c.test(n.protocol))&&n.host===r.host&&l.activeElement===s&&(d.top.location.href=t.value))}},d.addEventListener(\"message\",d.wp.receiveEmbedMessage,!1),l.addEventListener(\"DOMContentLoaded\",function(){for(var e,t,s=l.querySelectorAll(\"iframe.wp-embedded-content\"),r=0;r<s.length;r++)(t=(e=s[r]).getAttribute(\"data-secret\"))||(t=Math.random().toString(36).substring(2,12),e.src+=\"#?secret=\"+t,e.setAttribute(\"data-secret\",t)),e.contentWindow.postMessage({message:\"ready\",secret:t},\"*\")},!1)))}(window,document);\n\/\/# sourceURL=https:\/\/acninternational.org\/wp-includes\/js\/wp-embed.min.js\n<\/script>\n","thumbnail_url":"https:\/\/media.acninternational.org\/wp-content\/uploads\/2020\/10\/k%C3%B6nigstein.jpg","thumbnail_width":670,"thumbnail_height":400,"description":"\u201cAid to the Church in Need est\u00e1 consternada pelas graves acusa\u00e7\u00f5es publicadas no suplemento \"Christ&Welt\" do jornal ZEIT no dia 10\/02\/2021 relativas ao fundador da organiza\u00e7\u00e3o caritativa, o Padre Werenfried van Straaten. A organiza\u00e7\u00e3o condena qualquer forma de conduta da qual o Padre van Straaten \u00e9 acusado no artigo."}