{"version":"1.0","provider_name":"ACN International","provider_url":"https:\/\/acninternational.org\/fr\/","title":"Les r\u00e9fugi\u00e9s en Europe occidentale en 2019","type":"rich","width":600,"height":338,"html":"<blockquote class=\"wp-embedded-content\" data-secret=\"gU3y8s3M5L\"><a href=\"https:\/\/acninternational.org\/fr\/activites\/les-refugies-en-europe-occidentale-en-2019\/\">Les r\u00e9fugi\u00e9s en Europe occidentale en 2019<\/a><\/blockquote><iframe sandbox=\"allow-scripts\" security=\"restricted\" src=\"https:\/\/acninternational.org\/fr\/activites\/les-refugies-en-europe-occidentale-en-2019\/embed\/#?secret=gU3y8s3M5L\" width=\"600\" height=\"338\" title=\"\u00ab\u00a0Les r\u00e9fugi\u00e9s en Europe occidentale en 2019\u00a0\u00bb &#8212; ACN International\" data-secret=\"gU3y8s3M5L\" frameborder=\"0\" marginwidth=\"0\" marginheight=\"0\" scrolling=\"no\" class=\"wp-embedded-content\"><\/iframe><script>\n\/*! This file is auto-generated *\/\n!function(d,l){\"use strict\";l.querySelector&&d.addEventListener&&\"undefined\"!=typeof URL&&(d.wp=d.wp||{},d.wp.receiveEmbedMessage||(d.wp.receiveEmbedMessage=function(e){var t=e.data;if((t||t.secret||t.message||t.value)&&!\/[^a-zA-Z0-9]\/.test(t.secret)){for(var s,r,n,a=l.querySelectorAll('iframe[data-secret=\"'+t.secret+'\"]'),o=l.querySelectorAll('blockquote[data-secret=\"'+t.secret+'\"]'),c=new RegExp(\"^https?:$\",\"i\"),i=0;i<o.length;i++)o[i].style.display=\"none\";for(i=0;i<a.length;i++)s=a[i],e.source===s.contentWindow&&(s.removeAttribute(\"style\"),\"height\"===t.message?(1e3<(r=parseInt(t.value,10))?r=1e3:~~r<200&&(r=200),s.height=r):\"link\"===t.message&&(r=new URL(s.getAttribute(\"src\")),n=new URL(t.value),c.test(n.protocol))&&n.host===r.host&&l.activeElement===s&&(d.top.location.href=t.value))}},d.addEventListener(\"message\",d.wp.receiveEmbedMessage,!1),l.addEventListener(\"DOMContentLoaded\",function(){for(var e,t,s=l.querySelectorAll(\"iframe.wp-embedded-content\"),r=0;r<s.length;r++)(t=(e=s[r]).getAttribute(\"data-secret\"))||(t=Math.random().toString(36).substring(2,12),e.src+=\"#?secret=\"+t,e.setAttribute(\"data-secret\",t)),e.contentWindow.postMessage({message:\"ready\",secret:t},\"*\")},!1)))}(window,document);\n\/\/# sourceURL=https:\/\/acninternational.org\/wp-includes\/js\/wp-embed.min.js\n<\/script>\n","thumbnail_url":"https:\/\/media.acninternational.org\/wp-content\/uploads\/2020\/06\/Refugees.jpg","thumbnail_width":1400,"thumbnail_height":438,"description":"M\u00eame si l\u2019afflux de r\u00e9fugi\u00e9s vers l\u2019Europe occidentale a faibli, on ne saurait parler d\u2019une situation d\u00e9tendue. C\u2019est pourquoi ACN a renforc\u00e9 son engagement pour les r\u00e9fugi\u00e9s chr\u00e9tiens durant ces derni\u00e8res ann\u00e9es. Nombreux sont ceux qui sont traumatis\u00e9s par les pers\u00e9cutions, la discrimination et la guerre. Ils n\u2019ont pas seulement besoin d\u2019\u00eatre h\u00e9berg\u00e9s et nourris, [&hellip;]"}