{"version":"1.0","provider_name":"ACN International","provider_url":"https:\/\/acninternational.org\/fr\/","title":"R\u00e9publique Centrafricaine en 2018","type":"rich","width":600,"height":338,"html":"<blockquote class=\"wp-embedded-content\" data-secret=\"eYfVdBbYRJ\"><a href=\"https:\/\/acninternational.org\/fr\/activites\/afrique\/central-african-republic\/\">R\u00e9publique Centrafricaine en 2018<\/a><\/blockquote><iframe sandbox=\"allow-scripts\" security=\"restricted\" src=\"https:\/\/acninternational.org\/fr\/activites\/afrique\/central-african-republic\/embed\/#?secret=eYfVdBbYRJ\" width=\"600\" height=\"338\" title=\"\u00ab\u00a0R\u00e9publique Centrafricaine en 2018\u00a0\u00bb &#8212; ACN International\" data-secret=\"eYfVdBbYRJ\" frameborder=\"0\" marginwidth=\"0\" marginheight=\"0\" scrolling=\"no\" class=\"wp-embedded-content\"><\/iframe><script>\n\/*! This file is auto-generated *\/\n!function(d,l){\"use strict\";l.querySelector&&d.addEventListener&&\"undefined\"!=typeof URL&&(d.wp=d.wp||{},d.wp.receiveEmbedMessage||(d.wp.receiveEmbedMessage=function(e){var t=e.data;if((t||t.secret||t.message||t.value)&&!\/[^a-zA-Z0-9]\/.test(t.secret)){for(var s,r,n,a=l.querySelectorAll('iframe[data-secret=\"'+t.secret+'\"]'),o=l.querySelectorAll('blockquote[data-secret=\"'+t.secret+'\"]'),c=new RegExp(\"^https?:$\",\"i\"),i=0;i<o.length;i++)o[i].style.display=\"none\";for(i=0;i<a.length;i++)s=a[i],e.source===s.contentWindow&&(s.removeAttribute(\"style\"),\"height\"===t.message?(1e3<(r=parseInt(t.value,10))?r=1e3:~~r<200&&(r=200),s.height=r):\"link\"===t.message&&(r=new URL(s.getAttribute(\"src\")),n=new URL(t.value),c.test(n.protocol))&&n.host===r.host&&l.activeElement===s&&(d.top.location.href=t.value))}},d.addEventListener(\"message\",d.wp.receiveEmbedMessage,!1),l.addEventListener(\"DOMContentLoaded\",function(){for(var e,t,s=l.querySelectorAll(\"iframe.wp-embedded-content\"),r=0;r<s.length;r++)(t=(e=s[r]).getAttribute(\"data-secret\"))||(t=Math.random().toString(36).substring(2,12),e.src+=\"#?secret=\"+t,e.setAttribute(\"data-secret\",t)),e.contentWindow.postMessage({message:\"ready\",secret:t},\"*\")},!1)))}(window,document);\n\/\/# sourceURL=https:\/\/acninternational.org\/wp-includes\/js\/wp-embed.min.js\n<\/script>\n","thumbnail_url":"https:\/\/media.acninternational.org\/wp-content\/uploads\/2019\/09\/5-7.jpg","thumbnail_width":2000,"thumbnail_height":625,"description":"Depuis fin 2012, la R\u00e9publique centrafricaine s\u2019enfonce dans une spirale de violence \u00e0 cause de la guerre civile. Celle-ci a d\u00e9j\u00e0 fait plusieurs milliers de victimes et pr\u00e8s d\u2019un million de personnes ont \u00e9t\u00e9 d\u00e9plac\u00e9es dans le pays ou se sont r\u00e9fugi\u00e9es dans les pays avoisinants. Mais les pr\u00eatres et les religieuses restent tr\u00e8s r\u00e9solus [&hellip;]"}