{"id":161682,"date":"2021-11-12T02:16:14","date_gmt":"2021-11-12T01:16:14","guid":{"rendered":"https:\/\/acninternational.org\/?page_id=161682"},"modified":"2026-04-15T13:29:55","modified_gmt":"2026-04-15T11:29:55","slug":"navidad-2021","status":"publish","type":"page","link":"https:\/\/acninternational.org\/es\/navidad-2021\/","title":{"rendered":"Navidad 2021"},"content":{"rendered":"\n<div class=\"wp-block-columns container is-layout-flex wp-container-core-columns-is-layout-9d6595d7 wp-block-columns-is-layout-flex\">\n<div class=\"wp-block-column is-layout-flow wp-block-column-is-layout-flow\"><div class=\"wp-block-image\">\n<figure class=\"aligncenter is-resized\"><img decoding=\"async\" src=\"https:\/\/media.acninternational.org\/wp-content\/uploads\/2021\/11\/Logo-Christmas-01-1024x341.png\" alt=\"\" style=\"width:600px\"\/><\/figure>\n<\/div>\n\n\n<div class=\"wp-block-columns is-layout-flex wp-container-core-columns-is-layout-9d6595d7 wp-block-columns-is-layout-flex\">\n<div class=\"wp-block-column is-layout-flow wp-block-column-is-layout-flow\"><\/div>\n\n\n\n<div class=\"wp-block-column is-layout-flow wp-block-column-is-layout-flow\">\n<iframe loading=\"lazy\" id=\"dona\" style=\"max-width: 500px; min-width: 250px; max-height: 580px !important;\" src=\"https:\/\/donorbox.org\/embed\/acn-international-homepage\" name=\"donorbox\" width=\"100%\" height=\"900px\" frameborder=\"0\" scrolling=\"no\" seamless=\"seamless\"><\/iframe>\n<\/div>\n\n\n\n<div class=\"wp-block-column is-layout-flow wp-block-column-is-layout-flow\"><\/div>\n<\/div>\n<\/div>\n<\/div>\n\n\n\n<div class=\"wp-block-columns container is-layout-flex wp-container-core-columns-is-layout-9d6595d7 wp-block-columns-is-layout-flex\">\n<div class=\"wp-block-column is-layout-flow wp-block-column-is-layout-flow\">\n<p>Miles de cristianos en \u00c1frica y Oriente Medio, perseguidos y desplazados por su fe, dependen de la labor social y pastoral de la Iglesia y la Iglesia depende de ti para seguir ayud\u00e1ndoles. \u00a1Haz una donaci\u00f3n y lleva la esperanza de la Navidad a los refugiados!<\/p>\n\n\n\n<h2 class=\"wp-block-heading\" id=\"h-82-4-millones-de-personas-desplazadas-en-todo-el-mundo\">82,4 MILLONES DE PERSONAS DESPLAZADAS EN TODO EL MUNDO<\/h2>\n\n\n\n<p>CADA N\u00daMERO ES UNA VIDA, UNA HISTORIA DE P\u00c9RDIDA, TRAUMA Y SUFRIMIENTO<\/p>\n\n\n\n<p>A comienzos de 2021, el n\u00famero de personas desplazadas por la fuerza debido a persecuciones, conflictos, violencia y violaciones de derechos humanos fue el m\u00e1s alto registrado (seg\u00fan datos del ACNUR). \u00c1frica experiment\u00f3 el mayor aumento de desplazados internos y Siria sigue siendo el pa\u00eds del mundo en el que una mayor cantidad de personas se han visto obligadas a huir de sus hogares.<\/p>\n\n\n\n<h2 class=\"wp-block-heading has-text-align-center\" id=\"h-esta-navidad-podemos-regalar-esperanza-a-nuestros-hermanos\">ESTA NAVIDAD PODEMOS REGALAR ESPERANZA A NUESTROS HERMANOS<\/h2>\n\n\n\n<p>A trav\u00e9s de la Iglesia local, ACN proporciona refugio y alimento a los refugiados cristianos y vela por la educaci\u00f3n de los ni\u00f1os y j\u00f3venes. Pero ellos tambi\u00e9n tienen hambre del poder sanador de los sacramentos, de la Palabra de Dios y de Su amor, que les brindan aquellos en quienes se ha confiado para continuar Su obra entre nosotros. Las hermanas, los sacerdotes, los catequistas y todos los que trabajan para construir el Reino de Dios atienden a los m\u00e1s necesitados, llenan los corazones de los cansados, traumatizados, afligidos y hambrientos con una fe renovada y tambi\u00e9n con la esperanza de un futuro mejor.<\/p>\n<\/div>\n<\/div>\n\n\n\n<div class=\"wp-block-columns container is-layout-flex wp-container-core-columns-is-layout-9d6595d7 wp-block-columns-is-layout-flex\">\n<div class=\"wp-block-column is-vertically-aligned-center is-layout-flow wp-block-column-is-layout-flow\">\n<div class=\"wp-block-buttons is-content-justification-center is-layout-flex wp-container-core-buttons-is-layout-16018d1d wp-block-buttons-is-layout-flex\">\n<div class=\"wp-block-button\"><a class=\"wp-block-button__link has-white-color has-text-color has-background has-link-color has-medium-font-size has-custom-font-size wp-element-button\" href=\"#dona\" style=\"border-top-left-radius:12px;border-top-right-radius:12px;border-bottom-left-radius:12px;border-bottom-right-radius:12px;background-color:#d60811\">REG\u00c1LALES ESPERANZA A NUESTROS HERMANOS DESPLAZADOS Y REFUGIADOS<\/a><\/div>\n<\/div>\n<\/div>\n<\/div>\n\n\n\n<div class=\"wp-block-columns is-layout-flex wp-container-core-columns-is-layout-9d6595d7 wp-block-columns-is-layout-flex\">\n<div class=\"wp-block-column is-layout-flow wp-block-column-is-layout-flow\">\n<figure class=\"wp-block-image size-large\"><img loading=\"lazy\" decoding=\"async\" width=\"1024\" height=\"576\" src=\"https:\/\/media.acninternational.org\/wp-content\/uploads\/2021\/11\/portadasyria-1024x576.jpg\" alt=\"\" class=\"wp-image-161542\" srcset=\"https:\/\/media.acninternational.org\/wp-content\/uploads\/2021\/11\/portadasyria-1024x576.jpg 1024w, https:\/\/media.acninternational.org\/wp-content\/uploads\/2021\/11\/portadasyria-300x169.jpg 300w, https:\/\/media.acninternational.org\/wp-content\/uploads\/2021\/11\/portadasyria-768x432.jpg 768w, https:\/\/media.acninternational.org\/wp-content\/uploads\/2021\/11\/portadasyria.jpg 1280w\" sizes=\"auto, (max-width: 1024px) 100vw, 1024px\" \/><\/figure>\n\n\n\n<h5 class=\"wp-block-heading has-text-align-center\" id=\"h-siria\">SIRIA<\/h5>\n\n\n\n<p>En un pa\u00eds amenazado por las sanciones y la destrucci\u00f3n despu\u00e9s de 10 a\u00f1os de guerra, las personas mayores, enfermas o con discapacidades se han quedado solas.<\/p>\n\n\n\n<div class=\"wp-block-buttons has-custom-font-size has-small-font-size is-content-justification-center is-layout-flex wp-container-core-buttons-is-layout-16018d1d wp-block-buttons-is-layout-flex\">\n<div class=\"wp-block-button\"><a class=\"wp-block-button__link has-background wp-element-button\" style=\"border-top-left-radius:12px;border-top-right-radius:12px;border-bottom-left-radius:12px;border-bottom-right-radius:12px;background-color:#d60811\">VER VIDEO<\/a><\/div>\n<\/div>\n<\/div>\n\n\n\n<div class=\"wp-block-column is-layout-flow wp-block-column-is-layout-flow\">\n<figure class=\"wp-block-image size-large\"><img loading=\"lazy\" decoding=\"async\" width=\"1024\" height=\"576\" src=\"https:\/\/media.acninternational.org\/wp-content\/uploads\/2021\/11\/lebanonportada-1024x576.jpg\" alt=\"\" class=\"wp-image-161548\" srcset=\"https:\/\/media.acninternational.org\/wp-content\/uploads\/2021\/11\/lebanonportada-1024x576.jpg 1024w, https:\/\/media.acninternational.org\/wp-content\/uploads\/2021\/11\/lebanonportada-300x169.jpg 300w, https:\/\/media.acninternational.org\/wp-content\/uploads\/2021\/11\/lebanonportada-768x432.jpg 768w, https:\/\/media.acninternational.org\/wp-content\/uploads\/2021\/11\/lebanonportada.jpg 1280w\" sizes=\"auto, (max-width: 1024px) 100vw, 1024px\" \/><\/figure>\n\n\n\n<h5 class=\"wp-block-heading has-text-align-center\" id=\"h-libano\">LIBANO<\/h5>\n\n\n\n<p>\u201cMe convert\u00ed en refugiado siendo un ni\u00f1o, como el Ni\u00f1o Jes\u00fas, que tambi\u00e9n tuvo que huir con su pap\u00e1 y su mam\u00e1\u201d.<\/p>\n\n\n\n<div class=\"wp-block-buttons has-custom-font-size has-small-font-size is-content-justification-center is-layout-flex wp-container-core-buttons-is-layout-16018d1d wp-block-buttons-is-layout-flex\">\n<div class=\"wp-block-button\"><a class=\"wp-block-button__link has-background wp-element-button\" style=\"border-top-left-radius:12px;border-top-right-radius:12px;border-bottom-left-radius:12px;border-bottom-right-radius:12px;background-color:#d60811\">VER VIDEO<\/a><\/div>\n<\/div>\n<\/div>\n\n\n\n<div class=\"wp-block-column is-layout-flow wp-block-column-is-layout-flow\">\n<figure class=\"wp-block-image size-large\"><img loading=\"lazy\" decoding=\"async\" width=\"1024\" height=\"576\" src=\"https:\/\/media.acninternational.org\/wp-content\/uploads\/2021\/11\/nigeriaportada-1024x576.jpg\" alt=\"\" class=\"wp-image-161554\" srcset=\"https:\/\/media.acninternational.org\/wp-content\/uploads\/2021\/11\/nigeriaportada-1024x576.jpg 1024w, https:\/\/media.acninternational.org\/wp-content\/uploads\/2021\/11\/nigeriaportada-300x169.jpg 300w, https:\/\/media.acninternational.org\/wp-content\/uploads\/2021\/11\/nigeriaportada-768x432.jpg 768w, https:\/\/media.acninternational.org\/wp-content\/uploads\/2021\/11\/nigeriaportada.jpg 1280w\" sizes=\"auto, (max-width: 1024px) 100vw, 1024px\" \/><\/figure>\n\n\n\n<h5 class=\"wp-block-heading has-text-align-center\" id=\"h-burkina-faso\">BURKINA FASO<\/h5>\n\n\n\n<p>\u201cEn la misa del domingo los yihadistas entraron en la iglesia con pistolas y nos rodearon. Mataron al sacerdote y a cinco parroquianos delante de nuestros propios ojos.\u201d<\/p>\n\n\n\n<div class=\"wp-block-buttons has-custom-font-size has-small-font-size is-content-justification-center is-layout-flex wp-container-core-buttons-is-layout-16018d1d wp-block-buttons-is-layout-flex\">\n<div class=\"wp-block-button\"><a class=\"wp-block-button__link has-background wp-element-button\" style=\"border-top-left-radius:12px;border-top-right-radius:12px;border-bottom-left-radius:12px;border-bottom-right-radius:12px;background-color:#d60811\">VER VIDEO<\/a><\/div>\n<\/div>\n<\/div>\n<\/div>\n\n\n\n<div class=\"wp-block-columns is-layout-flex wp-container-core-columns-is-layout-9d6595d7 wp-block-columns-is-layout-flex\">\n<div class=\"wp-block-column is-layout-flow wp-block-column-is-layout-flow\">\n<figure class=\"wp-block-image size-large\"><img loading=\"lazy\" decoding=\"async\" width=\"1024\" height=\"576\" src=\"https:\/\/media.acninternational.org\/wp-content\/uploads\/2021\/11\/mozambiqueportada-1024x576.jpg\" alt=\"\" class=\"wp-image-161560\" srcset=\"https:\/\/media.acninternational.org\/wp-content\/uploads\/2021\/11\/mozambiqueportada-1024x576.jpg 1024w, https:\/\/media.acninternational.org\/wp-content\/uploads\/2021\/11\/mozambiqueportada-300x169.jpg 300w, https:\/\/media.acninternational.org\/wp-content\/uploads\/2021\/11\/mozambiqueportada-768x432.jpg 768w, https:\/\/media.acninternational.org\/wp-content\/uploads\/2021\/11\/mozambiqueportada.jpg 1280w\" sizes=\"auto, (max-width: 1024px) 100vw, 1024px\" \/><\/figure>\n\n\n\n<h5 class=\"wp-block-heading has-text-align-center\" id=\"h-mozambique\">MOZAMBIQUE<\/h5>\n\n\n\n<p>La provincia de Cabo Delgado est\u00e1 asolada por el extremismo islamista desde 2017. M\u00e1s de 3.300 personas han sido asesinadas y un mill\u00f3n han tenido que huir.<\/p>\n\n\n\n<div class=\"wp-block-buttons has-custom-font-size has-small-font-size is-content-justification-center is-layout-flex wp-container-core-buttons-is-layout-16018d1d wp-block-buttons-is-layout-flex\">\n<div class=\"wp-block-button\"><a class=\"wp-block-button__link has-background wp-element-button\" style=\"border-top-left-radius:12px;border-top-right-radius:12px;border-bottom-left-radius:12px;border-bottom-right-radius:12px;background-color:#d60811\">VER VIDEO<\/a><\/div>\n<\/div>\n<\/div>\n\n\n\n<div class=\"wp-block-column is-layout-flow wp-block-column-is-layout-flow\">\n<figure class=\"wp-block-image size-large\"><img loading=\"lazy\" decoding=\"async\" width=\"1024\" height=\"576\" src=\"https:\/\/media.acninternational.org\/wp-content\/uploads\/2021\/11\/burkinaportada-1024x576.jpg\" alt=\"\" class=\"wp-image-161566\" srcset=\"https:\/\/media.acninternational.org\/wp-content\/uploads\/2021\/11\/burkinaportada-1024x576.jpg 1024w, https:\/\/media.acninternational.org\/wp-content\/uploads\/2021\/11\/burkinaportada-300x169.jpg 300w, https:\/\/media.acninternational.org\/wp-content\/uploads\/2021\/11\/burkinaportada-768x432.jpg 768w, https:\/\/media.acninternational.org\/wp-content\/uploads\/2021\/11\/burkinaportada.jpg 1280w\" sizes=\"auto, (max-width: 1024px) 100vw, 1024px\" \/><\/figure>\n\n\n\n<h5 class=\"wp-block-heading has-text-align-center\" id=\"h-nigeria\">NIGERIA<\/h5>\n\n\n\n<p>Los sacerdotes llevan la esperanza a los m\u00e1s de 30.000 desplazados en Puka que abandonaron sus hogares a causa de Boko Haram.<\/p>\n\n\n\n<div class=\"wp-block-buttons has-custom-font-size has-small-font-size is-content-justification-center is-layout-flex wp-container-core-buttons-is-layout-16018d1d wp-block-buttons-is-layout-flex\">\n<div class=\"wp-block-button\"><a class=\"wp-block-button__link has-background wp-element-button\" style=\"border-top-left-radius:12px;border-top-right-radius:12px;border-bottom-left-radius:12px;border-bottom-right-radius:12px;background-color:#d60811\">VER VIDEO<\/a><\/div>\n<\/div>\n<\/div>\n\n\n\n<div class=\"wp-block-column is-layout-flow wp-block-column-is-layout-flow\">\n<figure class=\"wp-block-image size-large\"><img loading=\"lazy\" decoding=\"async\" width=\"1024\" height=\"576\" src=\"https:\/\/media.acninternational.org\/wp-content\/uploads\/2021\/11\/congoportada-1024x576.jpg\" alt=\"\" class=\"wp-image-161572\" srcset=\"https:\/\/media.acninternational.org\/wp-content\/uploads\/2021\/11\/congoportada-1024x576.jpg 1024w, https:\/\/media.acninternational.org\/wp-content\/uploads\/2021\/11\/congoportada-300x169.jpg 300w, https:\/\/media.acninternational.org\/wp-content\/uploads\/2021\/11\/congoportada-768x432.jpg 768w, https:\/\/media.acninternational.org\/wp-content\/uploads\/2021\/11\/congoportada.jpg 1280w\" sizes=\"auto, (max-width: 1024px) 100vw, 1024px\" \/><\/figure>\n\n\n\n<h5 class=\"wp-block-heading has-text-align-center\" id=\"h-congo\">CONGO<\/h5>\n\n\n\n<p>A pesar de las pobres condiciones de vida en los campos de desplazados en Goma, los cristianos quieren celebrar la Navidad<\/p>\n\n\n\n<div class=\"wp-block-buttons has-custom-font-size has-small-font-size is-content-justification-center is-layout-flex wp-container-core-buttons-is-layout-16018d1d wp-block-buttons-is-layout-flex\">\n<div class=\"wp-block-button\"><a class=\"wp-block-button__link has-background wp-element-button\" style=\"border-top-left-radius:12px;border-top-right-radius:12px;border-bottom-left-radius:12px;border-bottom-right-radius:12px;background-color:#d60811\">VER VIDEO<\/a><\/div>\n<\/div>\n<\/div>\n<\/div>\n\n\n\n<div class=\"wp-block-columns is-layout-flex wp-container-core-columns-is-layout-9d6595d7 wp-block-columns-is-layout-flex\">\n<div class=\"wp-block-column container is-layout-flow wp-block-column-is-layout-flow\">\n<p>\u201cDe aqu\u00ed, de Siria, de Palestina, de Jordania, de la actual Israel\u2026 salieron los primeros cristianos\u201d explica el P. Hugo Alaniz, un misionero argentino del Instituto del Verbo Encarnado que lleva veintis\u00e9is a\u00f1os viviendo en Medio Oriente. \u201cCreo que es una obligaci\u00f3n para nosotros, como Iglesia, asistir a los cristianos de Medio Oriente.<\/p>\n\n\n\n<p>No solamente por lo que significa que sea Tierra Santa sino porque gracias a ellos, nosotros hemos conocido el mensaje evang\u00e9lico (\u2026) Nuestra petici\u00f3n a los benefactores de ACN es que no se olviden de nosotros, no se olviden de las comunidades que todav\u00eda necesitan de la ayuda del exterior (\u2026) Lo que ustedes puedan seguir contribuyendo tiene un significado muy grande, especialmente para las personas que lo han perdido todo, las personas que siguen necesitando de su ayuda.\u201d<\/p>\n\n\n\n<h2 class=\"wp-block-heading\" id=\"h-conoce-nuestros-proyectos-para-esta-navidad\">CONOCE NUESTROS PROYECTOS PARA ESTA NAVIDAD<\/h2>\n\n\n\n<p>\u00a1S\u00c9 SOLIDARIO Y LLEVA LA ALEGR\u00cdA Y LA ESPERANZA DE LA NAVIDAD A NUESTROS HERMANOS REFUGIADOS!<\/p>\n\n\n\n<p>Los diversos proyectos de ayuda a los refugiados que ACN apoya en \u00c1frica y Oriente Medio tienen como objetivo proporcionar bienestar material y espiritual a nuestros hermanos cristianos, especialmente en esta \u00e9poca del a\u00f1o en la que celebramos el nacimiento de Nuestro Se\u00f1or. Desde paquetes de alimentos y medicinas hasta becas para estudiantes e incluso peque\u00f1os regalos navide\u00f1os para los ni\u00f1os, queremos llevarles la esperanza de la Navidad y alegrar sus corazones.<\/p>\n<\/div>\n<\/div>\n\n\n\n<div class=\"wp-block-columns is-layout-flex wp-container-core-columns-is-layout-9d6595d7 wp-block-columns-is-layout-flex\">\n<div class=\"wp-block-column is-layout-flow wp-block-column-is-layout-flow\">\n<figure class=\"wp-block-image size-full\"><img loading=\"lazy\" decoding=\"async\" width=\"821\" height=\"621\" src=\"https:\/\/media.acninternational.org\/wp-content\/uploads\/2021\/11\/mapNigeria.png\" alt=\"\" class=\"wp-image-161590\" srcset=\"https:\/\/media.acninternational.org\/wp-content\/uploads\/2021\/11\/mapNigeria.png 821w, https:\/\/media.acninternational.org\/wp-content\/uploads\/2021\/11\/mapNigeria-300x227.png 300w, https:\/\/media.acninternational.org\/wp-content\/uploads\/2021\/11\/mapNigeria-768x581.png 768w\" sizes=\"auto, (max-width: 821px) 100vw, 821px\" \/><\/figure>\n\n\n\n<p>Proporcionar agua potable a miles de refugiados. Este proyecto tiene como objetivo construir un pozo que funcionar\u00e1 con paneles solares. Estar\u00e1 ubicado en la ciudad de Pulka, ser\u00e1 accesible desde todos los campamentos de refugiados y, por lo tanto, accesible para todos.&nbsp;<a href=\"https:\/\/web.archive.org\/web\/20230126214348\/https:\/\/acninternational.org\/es\/navidad-2021\/#en-nigeria\"><\/a><\/p>\n\n\n\n<div class=\"wp-block-buttons is-content-justification-center is-layout-flex wp-container-core-buttons-is-layout-16018d1d wp-block-buttons-is-layout-flex\">\n<div class=\"wp-block-button\"><a class=\"wp-block-button__link has-white-color has-text-color has-background has-link-color has-medium-font-size has-custom-font-size wp-element-button\" href=\"#dona\" style=\"border-top-left-radius:12px;border-top-right-radius:12px;border-bottom-left-radius:12px;border-bottom-right-radius:12px;background-color:#d60811\">QUIERO AYUDAR<\/a><\/div>\n<\/div>\n<\/div>\n\n\n\n<div class=\"wp-block-column is-layout-flow wp-block-column-is-layout-flow\">\n<figure class=\"wp-block-image size-full\"><img loading=\"lazy\" decoding=\"async\" width=\"822\" height=\"621\" src=\"https:\/\/media.acninternational.org\/wp-content\/uploads\/2021\/11\/mapBurkina.png\" alt=\"\" class=\"wp-image-161596\" srcset=\"https:\/\/media.acninternational.org\/wp-content\/uploads\/2021\/11\/mapBurkina.png 822w, https:\/\/media.acninternational.org\/wp-content\/uploads\/2021\/11\/mapBurkina-300x227.png 300w, https:\/\/media.acninternational.org\/wp-content\/uploads\/2021\/11\/mapBurkina-768x580.png 768w\" sizes=\"auto, (max-width: 822px) 100vw, 822px\" \/><\/figure>\n\n\n\n<p>BURKINA FASO: Llevar palabras de esperanza y consuelo a los refugiados. Apoyo y incentivo pastoral a la producci\u00f3n de programas sobre la fe en beneficio de las personas desplazadas en la Di\u00f3cesis de Ouahigouya.&nbsp;<a href=\"https:\/\/web.archive.org\/web\/20230126214348\/https:\/\/acninternational.org\/es\/navidad-2021\/#en-burkina-faso\"><\/a><\/p>\n\n\n\n<div class=\"wp-block-buttons is-content-justification-center is-layout-flex wp-container-core-buttons-is-layout-16018d1d wp-block-buttons-is-layout-flex\">\n<div class=\"wp-block-button\"><a class=\"wp-block-button__link has-white-color has-text-color has-background has-link-color has-medium-font-size has-custom-font-size wp-element-button\" href=\"#dona\" style=\"border-top-left-radius:12px;border-top-right-radius:12px;border-bottom-left-radius:12px;border-bottom-right-radius:12px;background-color:#d60811\">QUIERO AYUDAR<\/a><\/div>\n<\/div>\n<\/div>\n<\/div>\n\n\n\n<div class=\"wp-block-columns is-layout-flex wp-container-core-columns-is-layout-9d6595d7 wp-block-columns-is-layout-flex\">\n<div class=\"wp-block-column is-layout-flow wp-block-column-is-layout-flow\">\n<figure class=\"wp-block-image size-full\"><img loading=\"lazy\" decoding=\"async\" width=\"823\" height=\"622\" src=\"https:\/\/media.acninternational.org\/wp-content\/uploads\/2021\/11\/mapJordania.png\" alt=\"\" class=\"wp-image-161602\" srcset=\"https:\/\/media.acninternational.org\/wp-content\/uploads\/2021\/11\/mapJordania.png 823w, https:\/\/media.acninternational.org\/wp-content\/uploads\/2021\/11\/mapJordania-300x227.png 300w, https:\/\/media.acninternational.org\/wp-content\/uploads\/2021\/11\/mapJordania-768x580.png 768w\" sizes=\"auto, (max-width: 823px) 100vw, 823px\" \/><\/figure>\n\n\n\n<p>Recuperar las clases perdidas despu\u00e9s de huir \u2013 160 ni\u00f1os iraqu\u00edes vuelven a la escuela. Programa educativo para 160 ni\u00f1os refugiados iraqu\u00edes en la escuela parroquial de Marka.&nbsp;<a href=\"https:\/\/web.archive.org\/web\/20230126214348\/https:\/\/acninternational.org\/es\/navidad-2021\/#en-jordania\"><\/a><\/p>\n\n\n\n<div class=\"wp-block-buttons is-content-justification-center is-layout-flex wp-container-core-buttons-is-layout-16018d1d wp-block-buttons-is-layout-flex\">\n<div class=\"wp-block-button\"><a class=\"wp-block-button__link has-white-color has-text-color has-background has-link-color has-medium-font-size has-custom-font-size wp-element-button\" href=\"#dona\" style=\"border-top-left-radius:12px;border-top-right-radius:12px;border-bottom-left-radius:12px;border-bottom-right-radius:12px;background-color:#d60811\">QUIERO AYUDAR<\/a><\/div>\n<\/div>\n<\/div>\n\n\n\n<div class=\"wp-block-column is-layout-flow wp-block-column-is-layout-flow\">\n<figure class=\"wp-block-image size-full\"><img loading=\"lazy\" decoding=\"async\" width=\"822\" height=\"621\" src=\"https:\/\/media.acninternational.org\/wp-content\/uploads\/2021\/11\/Lebanon.png\" alt=\"\" class=\"wp-image-161614\" srcset=\"https:\/\/media.acninternational.org\/wp-content\/uploads\/2021\/11\/Lebanon.png 822w, https:\/\/media.acninternational.org\/wp-content\/uploads\/2021\/11\/Lebanon-300x227.png 300w, https:\/\/media.acninternational.org\/wp-content\/uploads\/2021\/11\/Lebanon-768x580.png 768w\" sizes=\"auto, (max-width: 822px) 100vw, 822px\" \/><\/figure>\n\n\n\n<p>Comida caliente y acompa\u00f1amiento espiritual para refugiados. La \u00abMesa de San Juan el Misericordioso\u00bb proporciona 1.500 comidas calientes al d\u00eda a 900 refugiados sirios y 600 libaneses necesitados en el \u00e1rea de Zahl\u00e9 y el valle de Bekaa.&nbsp;<a href=\"https:\/\/web.archive.org\/web\/20230126214348\/https:\/\/acninternational.org\/es\/navidad-2021\/#en-lebanon\"><\/a><\/p>\n\n\n\n<div class=\"wp-block-buttons is-content-justification-center is-layout-flex wp-container-core-buttons-is-layout-16018d1d wp-block-buttons-is-layout-flex\">\n<div class=\"wp-block-button\"><a class=\"wp-block-button__link has-white-color has-text-color has-background has-link-color has-medium-font-size has-custom-font-size wp-element-button\" href=\"#dona\" style=\"border-top-left-radius:12px;border-top-right-radius:12px;border-bottom-left-radius:12px;border-bottom-right-radius:12px;background-color:#d60811\">QUIERO AYUDAR<\/a><\/div>\n<\/div>\n<\/div>\n<\/div>\n\n\n\n<div class=\"wp-block-columns is-layout-flex wp-container-core-columns-is-layout-9d6595d7 wp-block-columns-is-layout-flex\">\n<div class=\"wp-block-column is-layout-flow wp-block-column-is-layout-flow\">\n<figure class=\"wp-block-image size-full\"><img loading=\"lazy\" decoding=\"async\" width=\"821\" height=\"622\" src=\"https:\/\/media.acninternational.org\/wp-content\/uploads\/2021\/11\/mapMozambique.png\" alt=\"\" class=\"wp-image-161653\" srcset=\"https:\/\/media.acninternational.org\/wp-content\/uploads\/2021\/11\/mapMozambique.png 821w, https:\/\/media.acninternational.org\/wp-content\/uploads\/2021\/11\/mapMozambique-300x227.png 300w, https:\/\/media.acninternational.org\/wp-content\/uploads\/2021\/11\/mapMozambique-768x582.png 768w\" sizes=\"auto, (max-width: 821px) 100vw, 821px\" \/><\/figure>\n\n\n\n<p>Ayuda de emergencia para los refugiados en Quelimane. Cubrir las necesidades b\u00e1sicas de 500 familias proporcion\u00e1ndoles alimentos, mosquiteras, jab\u00f3n, art\u00edculos para el hogar, herramientas agr\u00edcolas y semillas.&nbsp;<a href=\"https:\/\/web.archive.org\/web\/20230126214348\/https:\/\/acninternational.org\/es\/navidad-2021\/#en-mozambique\"><\/a><\/p>\n\n\n\n<div class=\"wp-block-buttons is-content-justification-center is-layout-flex wp-container-core-buttons-is-layout-16018d1d wp-block-buttons-is-layout-flex\">\n<div class=\"wp-block-button\"><a class=\"wp-block-button__link has-white-color has-text-color has-background has-link-color has-medium-font-size has-custom-font-size wp-element-button\" href=\"#dona\" style=\"border-top-left-radius:12px;border-top-right-radius:12px;border-bottom-left-radius:12px;border-bottom-right-radius:12px;background-color:#d60811\" target=\"_blank\" rel=\"noreferrer noopener\">QUIERO AYUDAR<\/a><\/div>\n<\/div>\n<\/div>\n\n\n\n<div class=\"wp-block-column is-layout-flow wp-block-column-is-layout-flow\">\n<figure class=\"wp-block-image size-full\"><img loading=\"lazy\" decoding=\"async\" width=\"822\" height=\"622\" src=\"https:\/\/media.acninternational.org\/wp-content\/uploads\/2021\/11\/Syria.png\" alt=\"\" class=\"wp-image-161620\" srcset=\"https:\/\/media.acninternational.org\/wp-content\/uploads\/2021\/11\/Syria.png 822w, https:\/\/media.acninternational.org\/wp-content\/uploads\/2021\/11\/Syria-300x227.png 300w, https:\/\/media.acninternational.org\/wp-content\/uploads\/2021\/11\/Syria-768x581.png 768w\" sizes=\"auto, (max-width: 822px) 100vw, 822px\" \/><\/figure>\n\n\n\n<p>Comidas sobre ruedas para aquellos que se han quedado atr\u00e1s. Equipamiento e implementaci\u00f3n del Proyecto \u201cComidas sobre Ruedas para Ancianos\u00bb del Vicariato Latino en Alepo.&nbsp;<a href=\"https:\/\/web.archive.org\/web\/20230126214348\/https:\/\/acninternational.org\/es\/navidad-2021\/#en-syria\"><\/a><\/p>\n\n\n\n<div class=\"wp-block-buttons is-content-justification-center is-layout-flex wp-container-core-buttons-is-layout-16018d1d wp-block-buttons-is-layout-flex\">\n<div class=\"wp-block-button\"><a class=\"wp-block-button__link has-white-color has-text-color has-background has-link-color has-medium-font-size has-custom-font-size wp-element-button\" href=\"#dona\" style=\"border-top-left-radius:12px;border-top-right-radius:12px;border-bottom-left-radius:12px;border-bottom-right-radius:12px;background-color:#d60811\">QUIERO AYUDAR<\/a><\/div>\n<\/div>\n<\/div>\n<\/div>\n\n\n\n<p class=\"container\">Tu ayuda es fundamental para mantener viva la fe de nuestros hermanos refugiados. Contribuye con alguno de nuestros proyectos y ay\u00fadanos a mejorar las vidas de millares de cristianos que dependen directamente de las obras de la Iglesia. \u00a1Haz una donaci\u00f3n!<\/p>\n\n\n\n<div class=\"wp-block-columns container is-layout-flex wp-container-core-columns-is-layout-9d6595d7 wp-block-columns-is-layout-flex\">\n<div class=\"wp-block-column is-vertically-aligned-center is-layout-flow wp-block-column-is-layout-flow\">\n<div class=\"wp-block-buttons is-content-justification-center is-layout-flex wp-container-core-buttons-is-layout-16018d1d wp-block-buttons-is-layout-flex\">\n<div class=\"wp-block-button\"><a class=\"wp-block-button__link has-white-color has-text-color has-background has-link-color has-medium-font-size has-custom-font-size wp-element-button\" href=\"#dona\" style=\"border-top-left-radius:12px;border-top-right-radius:12px;border-bottom-left-radius:12px;border-bottom-right-radius:12px;background-color:#d60811\">DONAR<\/a><\/div>\n<\/div>\n<\/div>\n<\/div>\n\n\n\n<p class=\"container\">\u00abEstamos llamados a reconocer en sus rostros el rostro de Cristo, hambriento, sediento, desnudo, enfermo, forastero y encarcelado, que nos interpela (cf. Mt 25,31-46). Si lo reconocemos, seremos nosotros quienes le agradeceremos el haberlo conocido, amado y servido\u00bb. Papa Francisco, Mensaje a la 106\u00b0 Jornada Mundial del Migrante y del Refugiado<\/p>\n\n\n<div class=\"wp-block-image\">\n<figure class=\"aligncenter size-large\"><img loading=\"lazy\" decoding=\"async\" width=\"1024\" height=\"125\" src=\"https:\/\/media.acninternational.org\/wp-content\/uploads\/2021\/11\/BannerpopeEN-1024x125.png\" alt=\"\" class=\"wp-image-161626\" srcset=\"https:\/\/media.acninternational.org\/wp-content\/uploads\/2021\/11\/BannerpopeEN-1024x125.png 1024w, https:\/\/media.acninternational.org\/wp-content\/uploads\/2021\/11\/BannerpopeEN-300x37.png 300w, https:\/\/media.acninternational.org\/wp-content\/uploads\/2021\/11\/BannerpopeEN-768x94.png 768w, https:\/\/media.acninternational.org\/wp-content\/uploads\/2021\/11\/BannerpopeEN-1536x187.png 1536w, https:\/\/media.acninternational.org\/wp-content\/uploads\/2021\/11\/BannerpopeEN-2048x250.png 2048w\" sizes=\"auto, (max-width: 1024px) 100vw, 1024px\" \/><\/figure>\n<\/div>","protected":false},"excerpt":{"rendered":"<p>Miles de cristianos en \u00c1frica y Oriente Medio, perseguidos y desplazados por su fe, dependen de la labor social y pastoral de la Iglesia y la Iglesia depende de ti para seguir ayud\u00e1ndoles. \u00a1Haz una donaci\u00f3n y lleva la esperanza de la Navidad a los refugiados! 82,4 MILLONES DE PERSONAS DESPLAZADAS EN TODO EL MUNDO [&hellip;]<\/p>\n","protected":false},"author":4258341447,"featured_media":180136,"parent":0,"menu_order":0,"comment_status":"closed","ping_status":"closed","template":"page_general.php","meta":{"_acf_changed":false,"footnotes":""},"class_list":["post-161682","page","type-page","status-publish","has-post-thumbnail","hentry"],"acf":[],"yoast_head":"<!-- This site is optimized with the Yoast SEO Premium plugin v27.3 (Yoast SEO v27.3) - https:\/\/yoast.com\/product\/yoast-seo-premium-wordpress\/ -->\n<title>Navidad 2021 | ACN International<\/title>\n<meta name=\"robots\" content=\"index, follow, max-snippet:-1, max-image-preview:large, max-video-preview:-1\" \/>\n<link rel=\"canonical\" href=\"https:\/\/acninternational.org\/es\/navidad-2021\/\" \/>\n<meta property=\"og:locale\" content=\"es_ES\" \/>\n<meta property=\"og:type\" content=\"article\" \/>\n<meta property=\"og:title\" content=\"Navidad 2021\" \/>\n<meta property=\"og:description\" content=\"Miles de cristianos en \u00c1frica y Oriente Medio, perseguidos y desplazados por su fe, dependen de la labor social y pastoral de la Iglesia y la Iglesia depende de ti para seguir ayud\u00e1ndoles. \u00a1Haz una donaci\u00f3n y lleva la esperanza de la Navidad a los refugiados! 82,4 MILLONES DE PERSONAS DESPLAZADAS EN TODO EL MUNDO [&hellip;]\" \/>\n<meta property=\"og:url\" content=\"https:\/\/acninternational.org\/es\/navidad-2021\/\" \/>\n<meta property=\"og:site_name\" content=\"ACN International\" \/>\n<meta property=\"article:publisher\" content=\"https:\/\/www.facebook.com\/acninternationalorg\" \/>\n<meta property=\"article:modified_time\" content=\"2026-04-15T11:29:55+00:00\" \/>\n<meta property=\"og:image\" content=\"https:\/\/media.acninternational.org\/wp-content\/uploads\/2021\/12\/Nino-Paloma.jpeg\" \/>\n\t<meta property=\"og:image:width\" content=\"1500\" \/>\n\t<meta property=\"og:image:height\" content=\"1100\" \/>\n\t<meta property=\"og:image:type\" content=\"image\/jpeg\" \/>\n<meta name=\"twitter:card\" content=\"summary_large_image\" \/>\n<meta name=\"twitter:site\" content=\"@acn_int\" \/>\n<meta name=\"twitter:label1\" content=\"Tiempo de lectura\" \/>\n\t<meta name=\"twitter:data1\" content=\"8 minutos\" \/>\n<script type=\"application\/ld+json\" class=\"yoast-schema-graph\">{\"@context\":\"https:\\\/\\\/schema.org\",\"@graph\":[{\"@type\":\"WebPage\",\"@id\":\"https:\\\/\\\/acninternational.org\\\/es\\\/navidad-2021\\\/\",\"url\":\"https:\\\/\\\/acninternational.org\\\/es\\\/navidad-2021\\\/\",\"name\":\"Navidad 2021 | ACN International\",\"isPartOf\":{\"@id\":\"https:\\\/\\\/acninternational.org\\\/es\\\/#website\"},\"primaryImageOfPage\":{\"@id\":\"https:\\\/\\\/acninternational.org\\\/es\\\/navidad-2021\\\/#primaryimage\"},\"image\":{\"@id\":\"https:\\\/\\\/acninternational.org\\\/es\\\/navidad-2021\\\/#primaryimage\"},\"thumbnailUrl\":\"https:\\\/\\\/media.acninternational.org\\\/wp-content\\\/uploads\\\/2021\\\/12\\\/Nino-Paloma.jpeg\",\"datePublished\":\"2021-11-12T01:16:14+00:00\",\"dateModified\":\"2026-04-15T11:29:55+00:00\",\"breadcrumb\":{\"@id\":\"https:\\\/\\\/acninternational.org\\\/es\\\/navidad-2021\\\/#breadcrumb\"},\"inLanguage\":\"es\",\"potentialAction\":[{\"@type\":\"ReadAction\",\"target\":[\"https:\\\/\\\/acninternational.org\\\/es\\\/navidad-2021\\\/\"]}]},{\"@type\":\"ImageObject\",\"inLanguage\":\"es\",\"@id\":\"https:\\\/\\\/acninternational.org\\\/es\\\/navidad-2021\\\/#primaryimage\",\"url\":\"https:\\\/\\\/media.acninternational.org\\\/wp-content\\\/uploads\\\/2021\\\/12\\\/Nino-Paloma.jpeg\",\"contentUrl\":\"https:\\\/\\\/media.acninternational.org\\\/wp-content\\\/uploads\\\/2021\\\/12\\\/Nino-Paloma.jpeg\",\"width\":1500,\"height\":1100},{\"@type\":\"BreadcrumbList\",\"@id\":\"https:\\\/\\\/acninternational.org\\\/es\\\/navidad-2021\\\/#breadcrumb\",\"itemListElement\":[{\"@type\":\"ListItem\",\"position\":1,\"name\":\"Home\",\"item\":\"https:\\\/\\\/acninternational.org\\\/es\\\/\"},{\"@type\":\"ListItem\",\"position\":2,\"name\":\"Navidad 2021\"}]},{\"@type\":\"WebSite\",\"@id\":\"https:\\\/\\\/acninternational.org\\\/es\\\/#website\",\"url\":\"https:\\\/\\\/acninternational.org\\\/es\\\/\",\"name\":\"ACN International\",\"description\":\"\",\"publisher\":{\"@id\":\"https:\\\/\\\/acninternational.org\\\/es\\\/#organization\"},\"potentialAction\":[{\"@type\":\"SearchAction\",\"target\":{\"@type\":\"EntryPoint\",\"urlTemplate\":\"https:\\\/\\\/acninternational.org\\\/es\\\/?s={search_term_string}\"},\"query-input\":{\"@type\":\"PropertyValueSpecification\",\"valueRequired\":true,\"valueName\":\"search_term_string\"}}],\"inLanguage\":\"es\"},{\"@type\":\"Organization\",\"@id\":\"https:\\\/\\\/acninternational.org\\\/es\\\/#organization\",\"name\":\"Aid to the Church in Need International\",\"url\":\"https:\\\/\\\/acninternational.org\\\/es\\\/\",\"logo\":{\"@type\":\"ImageObject\",\"inLanguage\":\"es\",\"@id\":\"https:\\\/\\\/acninternational.org\\\/es\\\/#\\\/schema\\\/logo\\\/image\\\/\",\"url\":\"https:\\\/\\\/media.acninternational.org\\\/wp-content\\\/uploads\\\/2019\\\/11\\\/acn_logo_blackvector.svg\",\"contentUrl\":\"https:\\\/\\\/media.acninternational.org\\\/wp-content\\\/uploads\\\/2019\\\/11\\\/acn_logo_blackvector.svg\",\"width\":232.6,\"height\":78,\"caption\":\"Aid to the Church in Need International\"},\"image\":{\"@id\":\"https:\\\/\\\/acninternational.org\\\/es\\\/#\\\/schema\\\/logo\\\/image\\\/\"},\"sameAs\":[\"https:\\\/\\\/www.facebook.com\\\/acninternationalorg\",\"https:\\\/\\\/x.com\\\/acn_int\",\"https:\\\/\\\/www.youtube.com\\\/channel\\\/UCQ-077gS0TnVzkhHmf1opZw\",\"https:\\\/\\\/www.instagram.com\\\/acn_international\\\/\"]}]}<\/script>\n<!-- \/ Yoast SEO Premium plugin. -->","yoast_head_json":{"title":"Navidad 2021 | ACN International","robots":{"index":"index","follow":"follow","max-snippet":"max-snippet:-1","max-image-preview":"max-image-preview:large","max-video-preview":"max-video-preview:-1"},"canonical":"https:\/\/acninternational.org\/es\/navidad-2021\/","og_locale":"es_ES","og_type":"article","og_title":"Navidad 2021","og_description":"Miles de cristianos en \u00c1frica y Oriente Medio, perseguidos y desplazados por su fe, dependen de la labor social y pastoral de la Iglesia y la Iglesia depende de ti para seguir ayud\u00e1ndoles. \u00a1Haz una donaci\u00f3n y lleva la esperanza de la Navidad a los refugiados! 82,4 MILLONES DE PERSONAS DESPLAZADAS EN TODO EL MUNDO [&hellip;]","og_url":"https:\/\/acninternational.org\/es\/navidad-2021\/","og_site_name":"ACN International","article_publisher":"https:\/\/www.facebook.com\/acninternationalorg","article_modified_time":"2026-04-15T11:29:55+00:00","og_image":[{"width":1500,"height":1100,"url":"https:\/\/media.acninternational.org\/wp-content\/uploads\/2021\/12\/Nino-Paloma.jpeg","type":"image\/jpeg"}],"twitter_card":"summary_large_image","twitter_site":"@acn_int","twitter_misc":{"Tiempo de lectura":"8 minutos"},"schema":{"@context":"https:\/\/schema.org","@graph":[{"@type":"WebPage","@id":"https:\/\/acninternational.org\/es\/navidad-2021\/","url":"https:\/\/acninternational.org\/es\/navidad-2021\/","name":"Navidad 2021 | ACN International","isPartOf":{"@id":"https:\/\/acninternational.org\/es\/#website"},"primaryImageOfPage":{"@id":"https:\/\/acninternational.org\/es\/navidad-2021\/#primaryimage"},"image":{"@id":"https:\/\/acninternational.org\/es\/navidad-2021\/#primaryimage"},"thumbnailUrl":"https:\/\/media.acninternational.org\/wp-content\/uploads\/2021\/12\/Nino-Paloma.jpeg","datePublished":"2021-11-12T01:16:14+00:00","dateModified":"2026-04-15T11:29:55+00:00","breadcrumb":{"@id":"https:\/\/acninternational.org\/es\/navidad-2021\/#breadcrumb"},"inLanguage":"es","potentialAction":[{"@type":"ReadAction","target":["https:\/\/acninternational.org\/es\/navidad-2021\/"]}]},{"@type":"ImageObject","inLanguage":"es","@id":"https:\/\/acninternational.org\/es\/navidad-2021\/#primaryimage","url":"https:\/\/media.acninternational.org\/wp-content\/uploads\/2021\/12\/Nino-Paloma.jpeg","contentUrl":"https:\/\/media.acninternational.org\/wp-content\/uploads\/2021\/12\/Nino-Paloma.jpeg","width":1500,"height":1100},{"@type":"BreadcrumbList","@id":"https:\/\/acninternational.org\/es\/navidad-2021\/#breadcrumb","itemListElement":[{"@type":"ListItem","position":1,"name":"Home","item":"https:\/\/acninternational.org\/es\/"},{"@type":"ListItem","position":2,"name":"Navidad 2021"}]},{"@type":"WebSite","@id":"https:\/\/acninternational.org\/es\/#website","url":"https:\/\/acninternational.org\/es\/","name":"ACN International","description":"","publisher":{"@id":"https:\/\/acninternational.org\/es\/#organization"},"potentialAction":[{"@type":"SearchAction","target":{"@type":"EntryPoint","urlTemplate":"https:\/\/acninternational.org\/es\/?s={search_term_string}"},"query-input":{"@type":"PropertyValueSpecification","valueRequired":true,"valueName":"search_term_string"}}],"inLanguage":"es"},{"@type":"Organization","@id":"https:\/\/acninternational.org\/es\/#organization","name":"Aid to the Church in Need International","url":"https:\/\/acninternational.org\/es\/","logo":{"@type":"ImageObject","inLanguage":"es","@id":"https:\/\/acninternational.org\/es\/#\/schema\/logo\/image\/","url":"https:\/\/media.acninternational.org\/wp-content\/uploads\/2019\/11\/acn_logo_blackvector.svg","contentUrl":"https:\/\/media.acninternational.org\/wp-content\/uploads\/2019\/11\/acn_logo_blackvector.svg","width":232.6,"height":78,"caption":"Aid to the Church in Need International"},"image":{"@id":"https:\/\/acninternational.org\/es\/#\/schema\/logo\/image\/"},"sameAs":["https:\/\/www.facebook.com\/acninternationalorg","https:\/\/x.com\/acn_int","https:\/\/www.youtube.com\/channel\/UCQ-077gS0TnVzkhHmf1opZw","https:\/\/www.instagram.com\/acn_international\/"]}]}},"_links":{"self":[{"href":"https:\/\/acninternational.org\/es\/wp-json\/wp\/v2\/pages\/161682","targetHints":{"allow":["GET"]}}],"collection":[{"href":"https:\/\/acninternational.org\/es\/wp-json\/wp\/v2\/pages"}],"about":[{"href":"https:\/\/acninternational.org\/es\/wp-json\/wp\/v2\/types\/page"}],"author":[{"embeddable":true,"href":"https:\/\/acninternational.org\/es\/wp-json\/wp\/v2\/users\/4258341447"}],"replies":[{"embeddable":true,"href":"https:\/\/acninternational.org\/es\/wp-json\/wp\/v2\/comments?post=161682"}],"version-history":[{"count":2,"href":"https:\/\/acninternational.org\/es\/wp-json\/wp\/v2\/pages\/161682\/revisions"}],"predecessor-version":[{"id":263403,"href":"https:\/\/acninternational.org\/es\/wp-json\/wp\/v2\/pages\/161682\/revisions\/263403"}],"wp:featuredmedia":[{"embeddable":true,"href":"https:\/\/acninternational.org\/es\/wp-json\/wp\/v2\/media\/180136"}],"wp:attachment":[{"href":"https:\/\/acninternational.org\/es\/wp-json\/wp\/v2\/media?parent=161682"}],"curies":[{"name":"wp","href":"https:\/\/api.w.org\/{rel}","templated":true}]}}