{"id":123954,"date":"2019-07-22T14:52:33","date_gmt":"2019-07-22T12:52:33","guid":{"rendered":"https:\/\/acninternational.org\/unsere-geschichte\/"},"modified":"2024-01-19T14:54:18","modified_gmt":"2024-01-19T13:54:18","slug":"geschichte","status":"publish","type":"page","link":"https:\/\/acninternational.org\/de\/geschichte\/","title":{"rendered":"Unsere Geschichte"},"content":{"rendered":"<h1>\u00bb M\u00f6ge der Herr eure Gebete und euren Einsatz f\u00fcr die Kirche in der ganzen Welt fruchtbar werden lassen.\u00ab<\/h1>\n<p style=\"background: white;\">Papst Franziskus an die Wohlt\u00e4ter von Aid to the Church in Need<\/p>\n<p>Seit seinen Anf\u00e4ngen ist ACN ein Werk der N\u00e4chstenliebe und der Vers\u00f6hnung im Dienst notleidender Christen. Unter-st\u00fctzt von unseren Wohlt\u00e4tern werden wir diesem Geist auch in Zukunft treu bleiben, um der Kirche dort zu helfen, wo ihre Gl\u00e4ubigen am meisten durch Verfolgung, Diskriminierung und Armut bedroht sind. <\/p>\n<p><strong>1947<\/strong><strong>\u00a0<\/strong> Auf Aufforderung von Papst Pius XII. ruft Pater Werenfried van Straaten in der Pr\u00e4monstratenser-Abtei im belgischen Tongerlo ACN (damals \u201eOstpriesterhilfe\u201c) ins Leben. In einer einzigartigen Aktion der Vers\u00f6hnung werden in Belgien und in den Niederlanden Spenden f\u00fcr heimatvertriebene Deutsche, darunter 3.000 Priester, gesammelt.<\/p>\n<p><strong>1950<\/strong>\u00a0 Um deutsche Heimatvertriebene pastoral zu betreuen, werden mit der originellen \u201eKapellenwagenaktion\u201c 35 Autobusse und LKWs zu \u201efahrenden Kapellen\u201c umgebaut.<\/p>\n<p><strong>1952<\/strong> ACN macht sich f\u00fcr verfolgte Christen hinter dem Eisernen Vorhang stark. Die Projekte reichen von Renovierungshilfen f\u00fcr Kirchen \u00fcber Hilfen f\u00fcr die Priesterausbildung bis hin zur F\u00f6rderung von Radiosendungen und des B\u00fccherapostolats.<\/p>\n<p><strong>1956<\/strong>\u00a0\u00a0 Nach dem blutig niedergeschlagenen Ungarnaufstand gegen das stalinistische System unterst\u00fctzt ACN die Ortskirche auf ihrem Weg durch die Krise.<\/p>\n<p><strong>1961<\/strong>\u00a0\u00a0 Wir starten unsere Hilfsprojekte f\u00fcr die notleidende Kirche in Asien. Im Zuge dessen findet die erste Begegnung von Pater Werenfried mit Mutter Teresa im \u201eHaus der Sterbenden\u201c in Kalkutta statt.<\/p>\n<p><strong>1962<\/strong> Mit Lateinamerika wird unsere Hilfe f\u00fcr verfolgte und bedrohte Katholiken auf den \u201ekatholischen Kontinent\u201c ausgeweitet.<\/p>\n<p><strong>1965<\/strong> Bittgesuche erreichen uns nun auch von der Kirche in Afrika, die wir fortan mit gleichem Engagement unterst\u00fctzen wie die Kirchen auf anderen Kontinenten.<\/p>\n<p><strong>1966<\/strong>\u00a0 ACN wird der Gottesmutter von Fatima geweiht. Im Folgejahr findet eine gro\u00dfe internationale Wallfahrt anl\u00e4sslich des 50. Jubil\u00e4ums der Erscheinungen statt.<\/p>\n<p><strong>1970<\/strong> Mit einer Aktion f\u00fcr die Kirche in Haiti starten wir unsere Hilfe in einem der \u00e4rmsten L\u00e4nder der Welt.<\/p>\n<p><strong>1975<\/strong>\u00a0 ACN verlegt seine internationale Zentrale von Rom nach K\u00f6nigstein\/T.<\/p>\n<p><strong>1979<\/strong>\u00a0 Mit der Kinderbibel starten wir ein Gro\u00dfprojekt zur Unterst\u00fctzung der weltweiten Evangelisierung. Das Buch wurde bis heute in 191 Sprachen \u00fcbersetzt und \u00fcber 51 Millionen Mal gedruckt und verteilt.<\/p>\n<p><strong>1984<\/strong>\u00a0 \u00a0ACN wird durch den Heiligen Stuhl als gesamtkirchliche Vereinigung p\u00e4pstlichen Rechts anerkannt.<\/p>\n<p><strong>1989<\/strong> Nach der politischen Wende in Osteuropa leistet ACN Hilfe f\u00fcr den Wiederaufbau und die Neuevangelisierung in den L\u00e4ndern des ehemaligen Ostblocks<\/p>\n<p><strong>1992<\/strong>\u00a0 Im Auftrag von Papst Johannes Paul II. startet unser Hilfswerk sein Engagement f\u00fcr den Dialog zwischen der katholischen und der russisch-orthodoxen Kirche.<\/p>\n<p><strong>1997<\/strong>\u00a0 ACN ist seit 50Jahren weltweit f\u00fcr die notleidende Kirche im Einsatz \u2013 das Jubil\u00e4um wird geb\u00fchrend gefeiert.<\/p>\n<p><strong>2003<\/strong>\u00a0 Pater Werenfried van Straaten, der Gr\u00fcnder unseres Hilfswerks, stirbt am 31. Januar im Alter von 90 Jahren in seinem Wohnort Bad Soden im Taunus.<\/p>\n<p><strong>2007<\/strong><strong>\u00a0<\/strong> Durch den Nahostkonflikt ger\u00e4t die Kirche in der Region zunehmend in Bedr\u00e4ngnis, Papst Benedikt XVI. bittet ACN daraufhin, das Engagement f\u00fcr die Christen im Nahen Osten zu verst\u00e4rken.<\/p>\n<p><strong>2011<\/strong> ACN erlebt ein ereignisreiches Jahr: Durch Papst Benedikt XVI. wird unser Hilfswerk als Stiftung p\u00e4pstlichen Rechts neu gegr\u00fcndet und anschlie\u00dfend umstrukturiert. Mit Beginn des Syrienkrieges startet ACN umfangreiche Hilfsaktionen und Solidarit\u00e4tskampagnen, zum Beispiel \u201eLight a candle for peace\u201c. <\/p>\n<p><strong>2014<\/strong> ACN leitet eine Nothilfe-Kampagne f\u00fcr die Christen im Irak ein, um ihnen den Verbleib in ihrer Heimat zu erm\u00f6glichen. Das Projekt dauert bis heute an, mehr als 5.000 H\u00e4user wurden bereits reno-viert. Dar\u00fcber hinaus wird ACN alleiniger Gesellschafter der YOUCAT Foundation und damit Herausgeber des YOUCAT. Das Werk ist in der katholischen Jugendar-beit inzwischen weltweit sehr popul\u00e4r und wird in 58Sprachen \u00fcbersetzt. In S\u00fcdkorea er\u00f6ffnet ACN sein erstes L\u00e4nderb\u00fcro in Asien. Bis 2019 folgen die Er\u00f6ffnungen weiterer B\u00fcros in Mexiko, Malta, Kolumbien, der Slowakei und auf den Philippinen.<\/p>\n<p><strong>2017<\/strong>\u00a0Zum 70-j\u00e4hrigen Bestehen unseres Hilfswerks l\u00e4dt ACN weltweit Wohlt\u00e4ter zu einer Pilgerreise zum portugiesi-schen Wallfahrtsort F\u00e1tima ein. Im gleichen Jahr \u00fcbernimmt Aid to the Church in Need die Verantwortung f\u00fcr die j\u00e4hrliche Aktion \u201eEine Million Kinder beten den Rosenkranz\u201c.<\/p>\n<p><strong>2019<\/strong>\u00a0Mit dem Safeguarding-Projekt unterst\u00fctzt ACN die Kirche bei ihren Pr\u00e4ventionsma\u00dfnahmen zum Thema Missbrauch und f\u00f6rdert weltweit Safeguarding-Kurse f\u00fcr Priester und Ordensleute.<\/p>\n<p><strong>2020<\/strong> Unsere Stiftung unterst\u00fctzt die Kirche weltweit in ihrem Kampf gegen die Corona-Pandemie und gew\u00e4hrt spezielle Hilfen, um die Folgen der Corona-Krise f\u00fcr die Ortskirchen abzufedern. Dar\u00fcber hinaus leitet ACN nach der Explosion im Hafen von Beirut eine gro\u00dfe Nothilfeaktion f\u00fcr den Libanon ein.<\/p>\n<p><strong>2022<\/strong> Unmittelbar nach dem Beginn des Krieges in der Ukraine startet unser <br \/>Hilfswerk eine gro\u00dfangelegte Hilfsaktion, um die Kirche vor Ort in die Lage zu versetzen, gefl\u00fcchteten und notleidenden Menschen beizustehen und die Seelsorge fortzusetzen. <\/p>\n<p>\t\t\t\t\t\t\t\t\t\t\t\t\t\t\t<img loading=\"lazy\" decoding=\"async\" width=\"438\" height=\"358\" src=\"https:\/\/media.acninternational.org\/wp-content\/uploads\/2021\/02\/20120827_013-2.jpg\" alt=\"\" srcset=\"https:\/\/media.acninternational.org\/wp-content\/uploads\/2021\/02\/20120827_013-2.jpg 438w, https:\/\/media.acninternational.org\/wp-content\/uploads\/2021\/02\/20120827_013-2-300x245.jpg 300w\" sizes=\"auto, (max-width: 438px) 100vw, 438px\" \/><br \/>\n\t\t\t\t\t\t\t\t\t\t\t\t\t\t\t<img loading=\"lazy\" decoding=\"async\" width=\"282\" height=\"265\" src=\"https:\/\/media.acninternational.org\/wp-content\/uploads\/2019\/07\/geschichte-purpur-282-1.jpg\" alt=\"\" \/><br \/>\n\t\t\t\t\t\t\t\t\t\t\t\t\t\t\t<img loading=\"lazy\" decoding=\"async\" width=\"768\" height=\"576\" src=\"https:\/\/media.acninternational.org\/wp-content\/uploads\/2021\/02\/ACN-20200805-103676-768x576.jpg\" alt=\"\" srcset=\"https:\/\/media.acninternational.org\/wp-content\/uploads\/2021\/02\/ACN-20200805-103676-768x576.jpg 768w, https:\/\/media.acninternational.org\/wp-content\/uploads\/2021\/02\/ACN-20200805-103676-300x225.jpg 300w, https:\/\/media.acninternational.org\/wp-content\/uploads\/2021\/02\/ACN-20200805-103676-1024x768.jpg 1024w, https:\/\/media.acninternational.org\/wp-content\/uploads\/2021\/02\/ACN-20200805-103676-1536x1152.jpg 1536w, https:\/\/media.acninternational.org\/wp-content\/uploads\/2021\/02\/ACN-20200805-103676-2048x1536.jpg 2048w\" sizes=\"auto, (max-width: 768px) 100vw, 768px\" \/><br \/>\n\t\t\t\t\t\t\t\t\t\t\t\t\t\t\t<img loading=\"lazy\" decoding=\"async\" width=\"550\" height=\"584\" src=\"https:\/\/media.acninternational.org\/wp-content\/uploads\/2019\/07\/acn-20140730-11973_v1-purpur-550-1.jpg\" alt=\"\" srcset=\"https:\/\/media.acninternational.org\/wp-content\/uploads\/2019\/07\/acn-20140730-11973_v1-purpur-550-1.jpg 550w, https:\/\/media.acninternational.org\/wp-content\/uploads\/2019\/07\/acn-20140730-11973_v1-purpur-550-1-283x300.jpg 283w\" sizes=\"auto, (max-width: 550px) 100vw, 550px\" \/><br \/>\n\t\t\t\t\t\t\t\t\t\t\t\t\t\t\t<img loading=\"lazy\" decoding=\"async\" width=\"670\" height=\"400\" src=\"https:\/\/media.acninternational.org\/wp-content\/uploads\/2021\/02\/chapel-boat.jpg\" alt=\"\" srcset=\"https:\/\/media.acninternational.org\/wp-content\/uploads\/2021\/02\/chapel-boat.jpg 670w, https:\/\/media.acninternational.org\/wp-content\/uploads\/2021\/02\/chapel-boat-300x179.jpg 300w\" sizes=\"auto, (max-width: 670px) 100vw, 670px\" \/><br \/>\n\t\t\t\t\t\t\t\t\t\t\t\t\t\t\t<img loading=\"lazy\" decoding=\"async\" width=\"768\" height=\"512\" src=\"https:\/\/media.acninternational.org\/wp-content\/uploads\/2021\/02\/ACN-20181202-80740-768x512.jpg\" alt=\"\" srcset=\"https:\/\/media.acninternational.org\/wp-content\/uploads\/2021\/02\/ACN-20181202-80740-768x512.jpg 768w, https:\/\/media.acninternational.org\/wp-content\/uploads\/2021\/02\/ACN-20181202-80740-300x200.jpg 300w, https:\/\/media.acninternational.org\/wp-content\/uploads\/2021\/02\/ACN-20181202-80740.jpg 856w\" sizes=\"auto, (max-width: 768px) 100vw, 768px\" \/><br \/>\n\t\t\t\t\t\t\t\t\t\t\t\t\t\t\t<img loading=\"lazy\" decoding=\"async\" width=\"800\" height=\"545\" src=\"https:\/\/media.acninternational.org\/wp-content\/uploads\/2021\/02\/ACN-20191007-92302_2-1024x698.jpg\" alt=\"\" srcset=\"https:\/\/media.acninternational.org\/wp-content\/uploads\/2021\/02\/ACN-20191007-92302_2-1024x698.jpg 1024w, https:\/\/media.acninternational.org\/wp-content\/uploads\/2021\/02\/ACN-20191007-92302_2-300x205.jpg 300w, https:\/\/media.acninternational.org\/wp-content\/uploads\/2021\/02\/ACN-20191007-92302_2-768x524.jpg 768w, https:\/\/media.acninternational.org\/wp-content\/uploads\/2021\/02\/ACN-20191007-92302_2-1536x1047.jpg 1536w, https:\/\/media.acninternational.org\/wp-content\/uploads\/2021\/02\/ACN-20191007-92302_2-2048x1397.jpg 2048w\" sizes=\"auto, (max-width: 800px) 100vw, 800px\" \/><br \/>\n\t\t\t\t\t\t\t\t\t\t\t\t\t\t\t<img loading=\"lazy\" decoding=\"async\" width=\"800\" height=\"823\" src=\"https:\/\/media.acninternational.org\/wp-content\/uploads\/2021\/02\/ACN-20171004-62192_ok-995x1024.jpg\" alt=\"\" srcset=\"https:\/\/media.acninternational.org\/wp-content\/uploads\/2021\/02\/ACN-20171004-62192_ok-995x1024.jpg 995w, https:\/\/media.acninternational.org\/wp-content\/uploads\/2021\/02\/ACN-20171004-62192_ok-292x300.jpg 292w, https:\/\/media.acninternational.org\/wp-content\/uploads\/2021\/02\/ACN-20171004-62192_ok-768x790.jpg 768w, https:\/\/media.acninternational.org\/wp-content\/uploads\/2021\/02\/ACN-20171004-62192_ok-1493x1536.jpg 1493w, https:\/\/media.acninternational.org\/wp-content\/uploads\/2021\/02\/ACN-20171004-62192_ok-1990x2048.jpg 1990w\" sizes=\"auto, (max-width: 800px) 100vw, 800px\" \/><br \/>\n\t\t\t\t\t\t\t\t\t\t\t\t\t\t\t<img loading=\"lazy\" decoding=\"async\" width=\"800\" height=\"516\" src=\"https:\/\/media.acninternational.org\/wp-content\/uploads\/2021\/02\/ACN-20200424-100106-1024x660.jpg\" alt=\"\" srcset=\"https:\/\/media.acninternational.org\/wp-content\/uploads\/2021\/02\/ACN-20200424-100106-1024x660.jpg 1024w, https:\/\/media.acninternational.org\/wp-content\/uploads\/2021\/02\/ACN-20200424-100106-300x193.jpg 300w, https:\/\/media.acninternational.org\/wp-content\/uploads\/2021\/02\/ACN-20200424-100106-768x495.jpg 768w, https:\/\/media.acninternational.org\/wp-content\/uploads\/2021\/02\/ACN-20200424-100106-1536x990.jpg 1536w, https:\/\/media.acninternational.org\/wp-content\/uploads\/2021\/02\/ACN-20200424-100106-2048x1320.jpg 2048w\" sizes=\"auto, (max-width: 800px) 100vw, 800px\" \/>\t\t\t\t\t\t\t\t\t\t\t\t\t\t\t<\/p>\n<p><strong>1947<\/strong>\u00a0 Auf Aufforderung von Papst Pius XII. ruft Pater Werenfried van Straaten in der Pr\u00e4monstratenser-Abtei im belgischen Tongerlo ACN (damals \u201eOstpriesterhilfe\u201c) ins Leben. In einer einzigartigen Aktion der Vers\u00f6hnung werden in Belgien und in den Niederlanden Spenden f\u00fcr heimatvertriebene Deutsche, darunter 3.000 Priester, gesammelt.<\/p>\n<p><strong>1950<\/strong>\u00a0 Um deutsche Heimatvertriebene pastoral zu betreuen, werden mit der originellen \u201eKapellenwagenaktion\u201c 35 Autobusse und LKWs zu \u201efahrenden Kapellen\u201c umgebaut.<\/p>\n<p><img loading=\"lazy\" decoding=\"async\" src=\"https:\/\/media.acninternational.org\/wp-content\/uploads\/2021\/02\/20120827_013-2.jpg\" alt=\"\" width=\"438\" height=\"358\" \/><\/p>\n<p><strong>1952<\/strong> ACN macht sich f\u00fcr verfolgte Christen hinter dem Eisernen Vorhang stark. Die Projekte reichen von Renovierungshilfen f\u00fcr Kirchen \u00fcber Hilfen f\u00fcr die Priesterausbildung bis hin zur F\u00f6rderung von Radiosendungen und des B\u00fccherapostolats.<\/p>\n<p><strong>1956<\/strong>\u00a0\u00a0 Nach dem blutig niedergeschlagenen Ungarnaufstand gegen das stalinistische System unterst\u00fctzt ACN die Ortskirche auf ihrem Weg durch die Krise.<\/p>\n<p><img loading=\"lazy\" decoding=\"async\" src=\"https:\/\/media.acninternational.org\/wp-content\/uploads\/2019\/07\/geschichte-purpur-282-1.jpg\" alt=\"\" width=\"282\" height=\"265\" \/><\/p>\n<p><strong>1961<\/strong>\u00a0\u00a0 Wir starten unsere Hilfsprojekte f\u00fcr die notleidende Kirche in Asien. Im Zuge dessen findet die erste Begegnung von Pater Werenfried mit Mutter Teresa im \u201eHaus der Sterbenden\u201c in Kalkutta statt.<\/p>\n<p><strong>1962<\/strong> Mit Lateinamerika wird unsere Hilfe f\u00fcr verfolgte und bedrohte Katholiken auf den \u201ekatholischen Kontinent\u201c ausgeweitet.<\/p>\n<p><strong>1965<\/strong> Bittgesuche erreichen uns nun auch von der Kirche in Afrika, die wir fortan mit gleichem Engagement unterst\u00fctzen wie die Kirchen auf anderen Kontinenten.<\/p>\n<p><strong>1966<\/strong>\u00a0 ACN wird der Gottesmutter von Fatima geweiht. Im Folgejahr findet eine gro\u00dfe internationale Wallfahrt anl\u00e4sslich des 50. Jubil\u00e4ums der Erscheinungen statt.<\/p>\n<p><strong>1970<\/strong> Mit einer Aktion f\u00fcr die Kirche in Haiti starten wir unsere Hilfe in einem der \u00e4rmsten L\u00e4nder der Welt.<\/p>\n<p><img loading=\"lazy\" decoding=\"async\" src=\"https:\/\/media.acninternational.org\/wp-content\/uploads\/2021\/02\/ACN-20200805-103676-scaled.jpg\" alt=\"\" width=\"2560\" height=\"1920\" \/><\/p>\n<p><strong>1975<\/strong>\u00a0 ACN verlegt seine internationale Zentrale von Rom nach K\u00f6nigstein\/T.<\/p>\n<p><strong>1979<\/strong>\u00a0 Mit der Kinderbibel starten wir ein Gro\u00dfprojekt zur Unterst\u00fctzung der weltweiten Evangelisierung. Das Buch wurde bis heute in 191 Sprachen \u00fcbersetzt und \u00fcber 51 Millionen Mal gedruckt und verteilt.<\/p>\n<p><img loading=\"lazy\" decoding=\"async\" src=\"https:\/\/media.acninternational.org\/wp-content\/uploads\/2019\/07\/acn-20140730-11973_v1-purpur-550-1-283x300.jpg\" alt=\"\" width=\"283\" height=\"300\" \/><\/p>\n<p><strong>1984\u00a0<\/strong>\u00a0 ACN wird durch den Heiligen Stuhl als gesamtkirchliche Vereinigung p\u00e4pstlichen Rechts anerkannt.<\/p>\n<p><strong>1989<\/strong> Nach der politischen Wende in Osteuropa leistet ACN Hilfe f\u00fcr den Wiederaufbau und die Neuevangelisierung in den L\u00e4ndern des ehemaligen Ostblocks.<\/p>\n<p><img loading=\"lazy\" decoding=\"async\" src=\"https:\/\/media.acninternational.org\/wp-content\/uploads\/2021\/02\/chapel-boat.jpg\" alt=\"\" width=\"670\" height=\"400\" \/><\/p>\n<p><strong>1992<\/strong>\u00a0 Im Auftrag von Papst Johannes Paul II. startet unser Hilfswerk sein Engagement f\u00fcr den Dialog zwischen der katholischen und der russisch-orthodoxen Kirche.<\/p>\n<p><strong>1997<\/strong>\u00a0 ACN ist seit 50Jahren weltweit f\u00fcr die notleidende Kirche im Einsatz \u2013 das Jubil\u00e4um wird geb\u00fchrend gefeiert.<\/p>\n<p><strong>2003<\/strong>\u00a0 Pater Werenfried van Straaten, der Gr\u00fcnder unseres Hilfswerks, stirbt am 31. Januar im Alter von 90 Jahren in seinem Wohnort Bad Soden im Taunus.<\/p>\n<p><strong>2007<\/strong>\u00a0 Durch den Nahostkonflikt ger\u00e4t die Kirche in der Region zunehmend in Bedr\u00e4ngnis, Papst Benedikt XVI. bittet ACN daraufhin, das Engagement f\u00fcr die Christen im Nahen Osten zu verst\u00e4rken.<\/p>\n<p><strong>2011<\/strong> ACN erlebt ein ereignisreiches Jahr: Durch Papst Benedikt XVI. wird unser Hilfswerk als Stiftung p\u00e4pstlichen Rechts neu gegr\u00fcndet und anschlie\u00dfend umstrukturiert. Mit Beginn des Syrienkrieges startet ACN umfangreiche Hilfsaktionen und Solidarit\u00e4tskampagnen, zum Beispiel \u201eLight a candle for peace\u201c.<\/p>\n<p><img loading=\"lazy\" decoding=\"async\" src=\"https:\/\/media.acninternational.org\/wp-content\/uploads\/2021\/02\/ACN-20181202-80740.jpg\" alt=\"\" width=\"856\" height=\"571\" \/><\/p>\n<p><strong>2014<\/strong> ACN leitet eine Nothilfe-Kampagne f\u00fcr die Christen im Irak ein, um ihnen den Verbleib in ihrer Heimat zu erm\u00f6glichen. Das Projekt dauert bis heute an, mehr als 5.000 H\u00e4user wurden bereits renoviert. Dar\u00fcber hinaus wird ACN alleiniger Gesellschafter der YOUCAT Foundation und damit Herausgeber des YOUCAT. Das Werk ist in der katholischen Jugendarbeit inzwischen weltweit sehr popul\u00e4r und wird in 58Sprachen \u00fcbersetzt. In S\u00fcdkorea er\u00f6ffnet ACN sein erstes L\u00e4nderb\u00fcro in Asien. Bis 2019 folgen die Er\u00f6ffnungen weiterer B\u00fcros in Mexiko, Malta, Kolumbien, der Slowakei und auf den Philippinen.<\/p>\n<p><img loading=\"lazy\" decoding=\"async\" src=\"https:\/\/media.acninternational.org\/wp-content\/uploads\/2021\/02\/ACN-20191007-92302_2-scaled.jpg\" alt=\"\" width=\"2560\" height=\"1746\" \/><\/p>\n<p><strong>2017<\/strong> Zum 70-j\u00e4hrigen Bestehen unseres Hilfswerks l\u00e4dt ACN weltweit Wohlt\u00e4ter zu einer Pilgerreise zum portugiesi-schen Wallfahrtsort F\u00e1tima ein. Im gleichen Jahr \u00fcbernimmt Aid to the Church in Need die Verantwortung f\u00fcr die j\u00e4hrliche Aktion \u201eEine Million Kinder beten den Rosenkranz\u201c.<\/p>\n<p><strong>2019<\/strong> Mit dem Safeguarding-Projekt unterst\u00fctzt ACN die Kirche bei ihren Pr\u00e4ventionsma\u00dfnahmen zum Thema Missbrauch und f\u00f6rdert weltweit Safeguarding-Kurse f\u00fcr Priester und Ordensleute.<\/p>\n<p><strong>2020<\/strong> Unsere Stiftung unterst\u00fctzt die Kirche weltweit in ihrem Kampf gegen die Corona-Pandemie und gew\u00e4hrt spezielle Hilfen, um die Folgen der Corona-Krise f\u00fcr die Ortskirchen abzufedern. Dar\u00fcber hinaus leitet ACN nach der Explosion im Hafen von Beirut eine gro\u00dfe Nothilfeaktion f\u00fcr den Libanon ein.<\/p>\n<p><img loading=\"lazy\" decoding=\"async\" src=\"https:\/\/media.acninternational.org\/wp-content\/uploads\/2021\/02\/ACN-20200424-100106-scaled.jpg\" alt=\"\" width=\"2560\" height=\"1650\" \/><\/p>\n","protected":false},"excerpt":{"rendered":"<p>\u00bb M\u00f6ge der Herr eure Gebete und euren Einsatz f\u00fcr die Kirche in der ganzen Welt fruchtbar werden lassen.\u00ab Papst Franziskus an die Wohlt\u00e4ter von Aid to the Church in Need Seit seinen Anf\u00e4ngen ist ACN ein Werk der N\u00e4chstenliebe und der Vers\u00f6hnung im Dienst notleidender Christen. Unter-st\u00fctzt von unseren Wohlt\u00e4tern werden wir diesem Geist [&hellip;]<\/p>\n","protected":false},"author":1,"featured_media":123083,"parent":0,"menu_order":0,"comment_status":"closed","ping_status":"closed","template":"page_general.php","meta":{"_acf_changed":false,"footnotes":""},"class_list":["post-123954","page","type-page","status-publish","has-post-thumbnail","hentry"],"acf":[],"yoast_head":"<!-- This site is optimized with the Yoast SEO Premium plugin v27.3 (Yoast SEO v27.3) - https:\/\/yoast.com\/product\/yoast-seo-premium-wordpress\/ -->\n<title>Unsere Geschichte | ACN International<\/title>\n<meta name=\"robots\" content=\"index, follow, max-snippet:-1, max-image-preview:large, max-video-preview:-1\" \/>\n<link rel=\"canonical\" href=\"https:\/\/acninternational.org\/de\/geschichte\/\" \/>\n<meta property=\"og:locale\" content=\"de_DE\" \/>\n<meta property=\"og:type\" content=\"article\" \/>\n<meta property=\"og:title\" content=\"Unsere Geschichte\" \/>\n<meta property=\"og:description\" content=\"\u00bb M\u00f6ge der Herr eure Gebete und euren Einsatz f\u00fcr die Kirche in der ganzen Welt fruchtbar werden lassen.\u00ab Papst Franziskus an die Wohlt\u00e4ter von Aid to the Church in Need Seit seinen Anf\u00e4ngen ist ACN ein Werk der N\u00e4chstenliebe und der Vers\u00f6hnung im Dienst notleidender Christen. Unter-st\u00fctzt von unseren Wohlt\u00e4tern werden wir diesem Geist [&hellip;]\" \/>\n<meta property=\"og:url\" content=\"https:\/\/acninternational.org\/de\/geschichte\/\" \/>\n<meta property=\"og:site_name\" content=\"ACN International\" \/>\n<meta property=\"article:publisher\" content=\"https:\/\/www.facebook.com\/acninternationalorg\" \/>\n<meta property=\"article:modified_time\" content=\"2024-01-19T13:54:18+00:00\" \/>\n<meta property=\"og:image\" content=\"https:\/\/media.acninternational.org\/wp-content\/uploads\/2019\/07\/20060705_006-purpur-4000-1.jpg\" \/>\n\t<meta property=\"og:image:width\" content=\"2000\" \/>\n\t<meta property=\"og:image:height\" content=\"625\" \/>\n\t<meta property=\"og:image:type\" content=\"image\/jpeg\" \/>\n<meta name=\"twitter:card\" content=\"summary_large_image\" \/>\n<meta name=\"twitter:site\" content=\"@acn_int\" \/>\n<meta name=\"twitter:label1\" content=\"Gesch\u00e4tzte Lesezeit\" \/>\n\t<meta name=\"twitter:data1\" content=\"12\u00a0Minuten\" \/>\n<script type=\"application\/ld+json\" class=\"yoast-schema-graph\">{\"@context\":\"https:\\\/\\\/schema.org\",\"@graph\":[{\"@type\":\"WebPage\",\"@id\":\"https:\\\/\\\/acninternational.org\\\/de\\\/geschichte\\\/\",\"url\":\"https:\\\/\\\/acninternational.org\\\/de\\\/geschichte\\\/\",\"name\":\"Unsere Geschichte | ACN International\",\"isPartOf\":{\"@id\":\"https:\\\/\\\/acninternational.org\\\/de\\\/#website\"},\"primaryImageOfPage\":{\"@id\":\"https:\\\/\\\/acninternational.org\\\/de\\\/geschichte\\\/#primaryimage\"},\"image\":{\"@id\":\"https:\\\/\\\/acninternational.org\\\/de\\\/geschichte\\\/#primaryimage\"},\"thumbnailUrl\":\"https:\\\/\\\/media.acninternational.org\\\/wp-content\\\/uploads\\\/2019\\\/07\\\/20060705_006-purpur-4000-1.jpg\",\"datePublished\":\"2019-07-22T12:52:33+00:00\",\"dateModified\":\"2024-01-19T13:54:18+00:00\",\"breadcrumb\":{\"@id\":\"https:\\\/\\\/acninternational.org\\\/de\\\/geschichte\\\/#breadcrumb\"},\"inLanguage\":\"de\",\"potentialAction\":[{\"@type\":\"ReadAction\",\"target\":[\"https:\\\/\\\/acninternational.org\\\/de\\\/geschichte\\\/\"]}]},{\"@type\":\"ImageObject\",\"inLanguage\":\"de\",\"@id\":\"https:\\\/\\\/acninternational.org\\\/de\\\/geschichte\\\/#primaryimage\",\"url\":\"https:\\\/\\\/media.acninternational.org\\\/wp-content\\\/uploads\\\/2019\\\/07\\\/20060705_006-purpur-4000-1.jpg\",\"contentUrl\":\"https:\\\/\\\/media.acninternational.org\\\/wp-content\\\/uploads\\\/2019\\\/07\\\/20060705_006-purpur-4000-1.jpg\",\"width\":2000,\"height\":625},{\"@type\":\"BreadcrumbList\",\"@id\":\"https:\\\/\\\/acninternational.org\\\/de\\\/geschichte\\\/#breadcrumb\",\"itemListElement\":[{\"@type\":\"ListItem\",\"position\":1,\"name\":\"Home\",\"item\":\"https:\\\/\\\/acninternational.org\\\/de\\\/\"},{\"@type\":\"ListItem\",\"position\":2,\"name\":\"Unsere Geschichte\"}]},{\"@type\":\"WebSite\",\"@id\":\"https:\\\/\\\/acninternational.org\\\/de\\\/#website\",\"url\":\"https:\\\/\\\/acninternational.org\\\/de\\\/\",\"name\":\"ACN International\",\"description\":\"\",\"publisher\":{\"@id\":\"https:\\\/\\\/acninternational.org\\\/de\\\/#organization\"},\"potentialAction\":[{\"@type\":\"SearchAction\",\"target\":{\"@type\":\"EntryPoint\",\"urlTemplate\":\"https:\\\/\\\/acninternational.org\\\/de\\\/?s={search_term_string}\"},\"query-input\":{\"@type\":\"PropertyValueSpecification\",\"valueRequired\":true,\"valueName\":\"search_term_string\"}}],\"inLanguage\":\"de\"},{\"@type\":\"Organization\",\"@id\":\"https:\\\/\\\/acninternational.org\\\/de\\\/#organization\",\"name\":\"Aid to the Church in Need International\",\"url\":\"https:\\\/\\\/acninternational.org\\\/de\\\/\",\"logo\":{\"@type\":\"ImageObject\",\"inLanguage\":\"de\",\"@id\":\"https:\\\/\\\/acninternational.org\\\/de\\\/#\\\/schema\\\/logo\\\/image\\\/\",\"url\":\"https:\\\/\\\/media.acninternational.org\\\/wp-content\\\/uploads\\\/2019\\\/11\\\/acn_logo_blackvector.svg\",\"contentUrl\":\"https:\\\/\\\/media.acninternational.org\\\/wp-content\\\/uploads\\\/2019\\\/11\\\/acn_logo_blackvector.svg\",\"width\":232.6,\"height\":78,\"caption\":\"Aid to the Church in Need International\"},\"image\":{\"@id\":\"https:\\\/\\\/acninternational.org\\\/de\\\/#\\\/schema\\\/logo\\\/image\\\/\"},\"sameAs\":[\"https:\\\/\\\/www.facebook.com\\\/acninternationalorg\",\"https:\\\/\\\/x.com\\\/acn_int\",\"https:\\\/\\\/www.youtube.com\\\/channel\\\/UCQ-077gS0TnVzkhHmf1opZw\",\"https:\\\/\\\/www.instagram.com\\\/acn_international\\\/\"]}]}<\/script>\n<!-- \/ Yoast SEO Premium plugin. -->","yoast_head_json":{"title":"Unsere Geschichte | ACN International","robots":{"index":"index","follow":"follow","max-snippet":"max-snippet:-1","max-image-preview":"max-image-preview:large","max-video-preview":"max-video-preview:-1"},"canonical":"https:\/\/acninternational.org\/de\/geschichte\/","og_locale":"de_DE","og_type":"article","og_title":"Unsere Geschichte","og_description":"\u00bb M\u00f6ge der Herr eure Gebete und euren Einsatz f\u00fcr die Kirche in der ganzen Welt fruchtbar werden lassen.\u00ab Papst Franziskus an die Wohlt\u00e4ter von Aid to the Church in Need Seit seinen Anf\u00e4ngen ist ACN ein Werk der N\u00e4chstenliebe und der Vers\u00f6hnung im Dienst notleidender Christen. Unter-st\u00fctzt von unseren Wohlt\u00e4tern werden wir diesem Geist [&hellip;]","og_url":"https:\/\/acninternational.org\/de\/geschichte\/","og_site_name":"ACN International","article_publisher":"https:\/\/www.facebook.com\/acninternationalorg","article_modified_time":"2024-01-19T13:54:18+00:00","og_image":[{"width":2000,"height":625,"url":"https:\/\/media.acninternational.org\/wp-content\/uploads\/2019\/07\/20060705_006-purpur-4000-1.jpg","type":"image\/jpeg"}],"twitter_card":"summary_large_image","twitter_site":"@acn_int","twitter_misc":{"Gesch\u00e4tzte Lesezeit":"12\u00a0Minuten"},"schema":{"@context":"https:\/\/schema.org","@graph":[{"@type":"WebPage","@id":"https:\/\/acninternational.org\/de\/geschichte\/","url":"https:\/\/acninternational.org\/de\/geschichte\/","name":"Unsere Geschichte | ACN International","isPartOf":{"@id":"https:\/\/acninternational.org\/de\/#website"},"primaryImageOfPage":{"@id":"https:\/\/acninternational.org\/de\/geschichte\/#primaryimage"},"image":{"@id":"https:\/\/acninternational.org\/de\/geschichte\/#primaryimage"},"thumbnailUrl":"https:\/\/media.acninternational.org\/wp-content\/uploads\/2019\/07\/20060705_006-purpur-4000-1.jpg","datePublished":"2019-07-22T12:52:33+00:00","dateModified":"2024-01-19T13:54:18+00:00","breadcrumb":{"@id":"https:\/\/acninternational.org\/de\/geschichte\/#breadcrumb"},"inLanguage":"de","potentialAction":[{"@type":"ReadAction","target":["https:\/\/acninternational.org\/de\/geschichte\/"]}]},{"@type":"ImageObject","inLanguage":"de","@id":"https:\/\/acninternational.org\/de\/geschichte\/#primaryimage","url":"https:\/\/media.acninternational.org\/wp-content\/uploads\/2019\/07\/20060705_006-purpur-4000-1.jpg","contentUrl":"https:\/\/media.acninternational.org\/wp-content\/uploads\/2019\/07\/20060705_006-purpur-4000-1.jpg","width":2000,"height":625},{"@type":"BreadcrumbList","@id":"https:\/\/acninternational.org\/de\/geschichte\/#breadcrumb","itemListElement":[{"@type":"ListItem","position":1,"name":"Home","item":"https:\/\/acninternational.org\/de\/"},{"@type":"ListItem","position":2,"name":"Unsere Geschichte"}]},{"@type":"WebSite","@id":"https:\/\/acninternational.org\/de\/#website","url":"https:\/\/acninternational.org\/de\/","name":"ACN International","description":"","publisher":{"@id":"https:\/\/acninternational.org\/de\/#organization"},"potentialAction":[{"@type":"SearchAction","target":{"@type":"EntryPoint","urlTemplate":"https:\/\/acninternational.org\/de\/?s={search_term_string}"},"query-input":{"@type":"PropertyValueSpecification","valueRequired":true,"valueName":"search_term_string"}}],"inLanguage":"de"},{"@type":"Organization","@id":"https:\/\/acninternational.org\/de\/#organization","name":"Aid to the Church in Need International","url":"https:\/\/acninternational.org\/de\/","logo":{"@type":"ImageObject","inLanguage":"de","@id":"https:\/\/acninternational.org\/de\/#\/schema\/logo\/image\/","url":"https:\/\/media.acninternational.org\/wp-content\/uploads\/2019\/11\/acn_logo_blackvector.svg","contentUrl":"https:\/\/media.acninternational.org\/wp-content\/uploads\/2019\/11\/acn_logo_blackvector.svg","width":232.6,"height":78,"caption":"Aid to the Church in Need International"},"image":{"@id":"https:\/\/acninternational.org\/de\/#\/schema\/logo\/image\/"},"sameAs":["https:\/\/www.facebook.com\/acninternationalorg","https:\/\/x.com\/acn_int","https:\/\/www.youtube.com\/channel\/UCQ-077gS0TnVzkhHmf1opZw","https:\/\/www.instagram.com\/acn_international\/"]}]}},"_links":{"self":[{"href":"https:\/\/acninternational.org\/de\/wp-json\/wp\/v2\/pages\/123954","targetHints":{"allow":["GET"]}}],"collection":[{"href":"https:\/\/acninternational.org\/de\/wp-json\/wp\/v2\/pages"}],"about":[{"href":"https:\/\/acninternational.org\/de\/wp-json\/wp\/v2\/types\/page"}],"author":[{"embeddable":true,"href":"https:\/\/acninternational.org\/de\/wp-json\/wp\/v2\/users\/1"}],"replies":[{"embeddable":true,"href":"https:\/\/acninternational.org\/de\/wp-json\/wp\/v2\/comments?post=123954"}],"version-history":[{"count":0,"href":"https:\/\/acninternational.org\/de\/wp-json\/wp\/v2\/pages\/123954\/revisions"}],"wp:featuredmedia":[{"embeddable":true,"href":"https:\/\/acninternational.org\/de\/wp-json\/wp\/v2\/media\/123083"}],"wp:attachment":[{"href":"https:\/\/acninternational.org\/de\/wp-json\/wp\/v2\/media?parent=123954"}],"curies":[{"name":"wp","href":"https:\/\/api.w.org\/{rel}","templated":true}]}}